{"id":21429,"date":"2022-11-03T08:32:05","date_gmt":"2022-11-03T07:32:05","guid":{"rendered":"https:\/\/mvandenoever.nl\/product\/fagus-sylvatica-buche\/"},"modified":"2022-11-03T08:32:05","modified_gmt":"2022-11-03T07:32:05","slug":"buche-fagus-sylvatica","status":"publish","type":"product","link":"https:\/\/mvandenoever.nl\/de\/produkt\/buche-fagus-sylvatica\/","title":{"rendered":"Fagus sylvatica | Buche"},"content":{"rendered":"<p>Die Buche (Fagus sylvatica) wird h\u00e4ufig f\u00fcr Hecken von 80 bis 400 cm H\u00f6he verwendet. Die Bl\u00e4tter der Buche treiben normalerweise Ende April &#8211; erste Maiwoche aus. Die Herbstf\u00e4rbung der Rotbuche ist orange. Im Winter bleiben in der Regel einige verwelkte Bl\u00e4tter an den Zweigen, die erst im n\u00e4chsten Jahr abfallen, wenn die Buche wieder austreibt. Um eine robustere Hecke zu erhalten, werden manchmal zwei\/drei Reihen in einer dreieckigen Anordnung gepflanzt. Wenn Sie Buchenhecken pflanzen lassen wollen, ist die beste Zeit daf\u00fcr zwischen November und M\u00e4rz.<\/p>\n","protected":false},"excerpt":{"rendered":"<p>Die Buche (Fagus sylvatica) wird h\u00e4ufig f\u00fcr Hecken von 80 bis 400 cm H\u00f6he verwendet. Die Bl\u00e4tter der Buche treiben normalerweise Ende April &#8211; erste Maiwoche aus. Die Herbstf\u00e4rbung der Rotbuche ist orange. Im Winter bleiben in der Regel einige verwelkte Bl\u00e4tter an den Zweigen, die erst im n\u00e4chsten Jahr abfallen, wenn die Buche wieder austreibt. Um eine robustere Hecke zu erhalten, werden manchmal zwei\/drei Reihen in einer dreieckigen Anordnung gepflanzt. Wenn Sie Buchenhecken pflanzen lassen wollen, ist die beste Zeit daf\u00fcr zwischen November und M\u00e4rz.<\/p>\n","protected":false},"featured_media":17466,"template":"","meta":[],"product_brand":[],"product_cat":[1636,1600,2313,1602,1598],"product_tag":[],"class_list":["post-21429","product","type-product","status-publish","has-post-thumbnail","product_cat-baume-an-der-kuste","product_cat-grose-garten","product_cat-hecken-und-forstpflanzen","product_cat-kleine-garten","product_cat-platze-und-parks","first","instock","taxable","shipping-taxable","product-type-variable"],"aioseo_notices":[],"aioseo_head":"\n\t\t<!-- All in One SEO 5.0.1.1 - aioseo.com -->\n\t<meta name=\"description\" content=\"Die Buche (Fagus sylvatica) wird h\u00e4ufig f\u00fcr Hecken von 80 bis 400 cm H\u00f6he verwendet. Die Bl\u00e4tter der Buche treiben normalerweise Ende April - erste Maiwoche aus. Die Herbstf\u00e4rbung der Rotbuche ist orange. Im Winter bleiben in der Regel einige verwelkte Bl\u00e4tter an den Zweigen, die erst im n\u00e4chsten Jahr abfallen, wenn die Buche wieder austreibt. Um eine robustere Hecke zu erhalten, werden manchmal zwei\/drei Reihen in einer dreieckigen Anordnung gepflanzt. Wenn Sie Buchenhecken pflanzen lassen wollen, ist die beste Zeit daf\u00fcr zwischen November und M\u00e4rz.\" \/>\n\t<meta name=\"robots\" content=\"max-image-preview:large\" \/>\n\t<link rel=\"canonical\" href=\"https:\/\/mvandenoever.nl\/de\/produkt\/buche-fagus-sylvatica\/\" \/>\n\t<meta name=\"generator\" content=\"All in One SEO (AIOSEO) 5.0.1.1\" \/>\n\t\t<meta property=\"og:locale\" content=\"de_DE\" \/>\n\t\t<meta property=\"og:site_name\" content=\"Boomkwekerijen M. van den Oever &amp; Zonen\" \/>\n\t\t<meta property=\"og:type\" content=\"article\" \/>\n\t\t<meta property=\"og:title\" content=\"Fagus sylvatica | Buche - Boomkwekerijen M. van den Oever &amp; Zonen\" \/>\n\t\t<meta property=\"og:description\" content=\"Die Buche (Fagus sylvatica) wird h\u00e4ufig f\u00fcr Hecken von 80 bis 400 cm H\u00f6he verwendet. Die Bl\u00e4tter der Buche treiben normalerweise Ende April - erste Maiwoche aus. Die Herbstf\u00e4rbung der Rotbuche ist orange. Im Winter bleiben in der Regel einige verwelkte Bl\u00e4tter an den Zweigen, die erst im n\u00e4chsten Jahr abfallen, wenn die Buche wieder austreibt. Um eine robustere Hecke zu erhalten, werden manchmal zwei\/drei Reihen in einer dreieckigen Anordnung gepflanzt. Wenn Sie Buchenhecken pflanzen lassen wollen, ist die beste Zeit daf\u00fcr zwischen November und M\u00e4rz.\" \/>\n\t\t<meta property=\"og:url\" content=\"https:\/\/mvandenoever.nl\/de\/produkt\/buche-fagus-sylvatica\/\" \/>\n\t\t<meta property=\"og:image\" content=\"https:\/\/mvandenoever.nl\/wp-content\/uploads\/2022\/05\/6373_Oever_logo_NEW.png\" \/>\n\t\t<meta property=\"og:image:secure_url\" content=\"https:\/\/mvandenoever.nl\/wp-content\/uploads\/2022\/05\/6373_Oever_logo_NEW.png\" \/>\n\t\t<meta property=\"article:published_time\" content=\"2022-11-03T07:32:05+00:00\" \/>\n\t\t<meta property=\"article:modified_time\" content=\"2022-11-03T07:32:05+00:00\" \/>\n\t\t<meta name=\"twitter:card\" content=\"summary_large_image\" \/>\n\t\t<meta name=\"twitter:title\" content=\"Fagus sylvatica | Buche - Boomkwekerijen M. van den Oever &amp; Zonen\" \/>\n\t\t<meta name=\"twitter:description\" content=\"Die Buche (Fagus sylvatica) wird h\u00e4ufig f\u00fcr Hecken von 80 bis 400 cm H\u00f6he verwendet. Die Bl\u00e4tter der Buche treiben normalerweise Ende April - erste Maiwoche aus. Die Herbstf\u00e4rbung der Rotbuche ist orange. Im Winter bleiben in der Regel einige verwelkte Bl\u00e4tter an den Zweigen, die erst im n\u00e4chsten Jahr abfallen, wenn die Buche wieder austreibt. Um eine robustere Hecke zu erhalten, werden manchmal zwei\/drei Reihen in einer dreieckigen Anordnung gepflanzt. Wenn Sie Buchenhecken pflanzen lassen wollen, ist die beste Zeit daf\u00fcr zwischen November und M\u00e4rz.\" \/>\n\t\t<meta name=\"twitter:image\" content=\"https:\/\/mvandenoever.nl\/wp-content\/uploads\/2022\/05\/6373_Oever_logo_NEW.png\" \/>\n\t\t<script type=\"application\/ld+json\" class=\"aioseo-schema\">\n\t\t\t{\"@context\":\"https:\\\/\\\/schema.org\",\"@graph\":[{\"@type\":\"BreadcrumbList\",\"@id\":\"https:\\\/\\\/mvandenoever.nl\\\/de\\\/produkt\\\/buche-fagus-sylvatica\\\/#breadcrumblist\",\"itemListElement\":[{\"@type\":\"ListItem\",\"@id\":\"https:\\\/\\\/mvandenoever.nl\\\/de\\\/#listItem\",\"position\":1,\"name\":\"Home\",\"item\":\"https:\\\/\\\/mvandenoever.nl\\\/de\\\/\",\"nextItem\":{\"@type\":\"ListItem\",\"@id\":\"https:\\\/\\\/mvandenoever.nl\\\/assortiment\\\/#listItem\",\"name\":\"Assortiment\"}},{\"@type\":\"ListItem\",\"@id\":\"https:\\\/\\\/mvandenoever.nl\\\/assortiment\\\/#listItem\",\"position\":2,\"name\":\"Assortiment\",\"item\":\"https:\\\/\\\/mvandenoever.nl\\\/assortiment\\\/\",\"nextItem\":{\"@type\":\"ListItem\",\"@id\":\"https:\\\/\\\/mvandenoever.nl\\\/de\\\/produkt-kategorie\\\/platze-und-parks\\\/#listItem\",\"name\":\"Pl\\u00e4tze und Parks\"},\"previousItem\":{\"@type\":\"ListItem\",\"@id\":\"https:\\\/\\\/mvandenoever.nl\\\/de\\\/#listItem\",\"name\":\"Home\"}},{\"@type\":\"ListItem\",\"@id\":\"https:\\\/\\\/mvandenoever.nl\\\/de\\\/produkt-kategorie\\\/platze-und-parks\\\/#listItem\",\"position\":3,\"name\":\"Pl\\u00e4tze und Parks\",\"item\":\"https:\\\/\\\/mvandenoever.nl\\\/de\\\/produkt-kategorie\\\/platze-und-parks\\\/\",\"nextItem\":{\"@type\":\"ListItem\",\"@id\":\"https:\\\/\\\/mvandenoever.nl\\\/de\\\/produkt\\\/buche-fagus-sylvatica\\\/#listItem\",\"name\":\"Fagus sylvatica | Buche\"},\"previousItem\":{\"@type\":\"ListItem\",\"@id\":\"https:\\\/\\\/mvandenoever.nl\\\/assortiment\\\/#listItem\",\"name\":\"Assortiment\"}},{\"@type\":\"ListItem\",\"@id\":\"https:\\\/\\\/mvandenoever.nl\\\/de\\\/produkt\\\/buche-fagus-sylvatica\\\/#listItem\",\"position\":4,\"name\":\"Fagus sylvatica | Buche\",\"previousItem\":{\"@type\":\"ListItem\",\"@id\":\"https:\\\/\\\/mvandenoever.nl\\\/de\\\/produkt-kategorie\\\/platze-und-parks\\\/#listItem\",\"name\":\"Pl\\u00e4tze und Parks\"}}]},{\"@type\":\"Organization\",\"@id\":\"https:\\\/\\\/mvandenoever.nl\\\/de\\\/#organization\",\"name\":\"Boomkwekerijen M. van den Oever & Zonen\",\"description\":\"Leefwereldverbeteraars\",\"url\":\"https:\\\/\\\/mvandenoever.nl\\\/de\\\/\",\"logo\":{\"@type\":\"ImageObject\",\"url\":\"https:\\\/\\\/mvandenoever.nl\\\/wp-content\\\/uploads\\\/2022\\\/05\\\/6373_Oever_logo_NEW.png\",\"@id\":\"https:\\\/\\\/mvandenoever.nl\\\/de\\\/produkt\\\/buche-fagus-sylvatica\\\/#organizationLogo\",\"width\":850,\"height\":474},\"image\":{\"@id\":\"https:\\\/\\\/mvandenoever.nl\\\/de\\\/produkt\\\/buche-fagus-sylvatica\\\/#organizationLogo\"}},{\"@type\":\"WebPage\",\"@id\":\"https:\\\/\\\/mvandenoever.nl\\\/de\\\/produkt\\\/buche-fagus-sylvatica\\\/#webpage\",\"url\":\"https:\\\/\\\/mvandenoever.nl\\\/de\\\/produkt\\\/buche-fagus-sylvatica\\\/\",\"name\":\"Fagus sylvatica | Buche - Boomkwekerijen M. van den Oever & Zonen\",\"description\":\"Die Buche (Fagus sylvatica) wird h\\u00e4ufig f\\u00fcr Hecken von 80 bis 400 cm H\\u00f6he verwendet. Die Bl\\u00e4tter der Buche treiben normalerweise Ende April - erste Maiwoche aus. Die Herbstf\\u00e4rbung der Rotbuche ist orange. Im Winter bleiben in der Regel einige verwelkte Bl\\u00e4tter an den Zweigen, die erst im n\\u00e4chsten Jahr abfallen, wenn die Buche wieder austreibt. Um eine robustere Hecke zu erhalten, werden manchmal zwei\\\/drei Reihen in einer dreieckigen Anordnung gepflanzt. Wenn Sie Buchenhecken pflanzen lassen wollen, ist die beste Zeit daf\\u00fcr zwischen November und M\\u00e4rz.\",\"inLanguage\":\"de-DE\",\"isPartOf\":{\"@id\":\"https:\\\/\\\/mvandenoever.nl\\\/de\\\/#website\"},\"breadcrumb\":{\"@id\":\"https:\\\/\\\/mvandenoever.nl\\\/de\\\/produkt\\\/buche-fagus-sylvatica\\\/#breadcrumblist\"},\"image\":{\"@type\":\"ImageObject\",\"url\":\"https:\\\/\\\/mvandenoever.nl\\\/wp-content\\\/uploads\\\/2022\\\/05\\\/fagus-sylvatica-haag1.jpg\",\"@id\":\"https:\\\/\\\/mvandenoever.nl\\\/de\\\/produkt\\\/buche-fagus-sylvatica\\\/#mainImage\",\"width\":2048,\"height\":1365},\"primaryImageOfPage\":{\"@id\":\"https:\\\/\\\/mvandenoever.nl\\\/de\\\/produkt\\\/buche-fagus-sylvatica\\\/#mainImage\"},\"datePublished\":\"2022-11-03T08:32:05+01:00\",\"dateModified\":\"2022-11-03T08:32:05+01:00\"},{\"@type\":\"WebSite\",\"@id\":\"https:\\\/\\\/mvandenoever.nl\\\/de\\\/#website\",\"url\":\"https:\\\/\\\/mvandenoever.nl\\\/de\\\/\",\"name\":\"Boomkwekerijen M. van den Oever & Zonen\",\"description\":\"Leefwereldverbeteraars\",\"inLanguage\":\"de-DE\",\"publisher\":{\"@id\":\"https:\\\/\\\/mvandenoever.nl\\\/de\\\/#organization\"}}]}\n\t\t<\/script>\n\t\t<!-- All in One SEO -->\n\n","aioseo_head_json":{"title":"Fagus sylvatica | Buche - Boomkwekerijen M. van den Oever & Zonen","description":"Die Buche (Fagus sylvatica) wird h\u00e4ufig f\u00fcr Hecken von 80 bis 400 cm H\u00f6he verwendet. Die Bl\u00e4tter der Buche treiben normalerweise Ende April - erste Maiwoche aus. Die Herbstf\u00e4rbung der Rotbuche ist orange. Im Winter bleiben in der Regel einige verwelkte Bl\u00e4tter an den Zweigen, die erst im n\u00e4chsten Jahr abfallen, wenn die Buche wieder austreibt. Um eine robustere Hecke zu erhalten, werden manchmal zwei\/drei Reihen in einer dreieckigen Anordnung gepflanzt. Wenn Sie Buchenhecken pflanzen lassen wollen, ist die beste Zeit daf\u00fcr zwischen November und M\u00e4rz.","canonical_url":"https:\/\/mvandenoever.nl\/de\/produkt\/buche-fagus-sylvatica\/","robots":"max-image-preview:large","keywords":"","webmasterTools":{"miscellaneous":""},"schema":{"@context":"https:\/\/schema.org","@graph":[{"@type":"BreadcrumbList","@id":"https:\/\/mvandenoever.nl\/de\/produkt\/buche-fagus-sylvatica\/#breadcrumblist","itemListElement":[{"@type":"ListItem","@id":"https:\/\/mvandenoever.nl\/de\/#listItem","position":1,"name":"Home","item":"https:\/\/mvandenoever.nl\/de\/","nextItem":{"@type":"ListItem","@id":"https:\/\/mvandenoever.nl\/assortiment\/#listItem","name":"Assortiment"}},{"@type":"ListItem","@id":"https:\/\/mvandenoever.nl\/assortiment\/#listItem","position":2,"name":"Assortiment","item":"https:\/\/mvandenoever.nl\/assortiment\/","nextItem":{"@type":"ListItem","@id":"https:\/\/mvandenoever.nl\/de\/produkt-kategorie\/platze-und-parks\/#listItem","name":"Pl\u00e4tze und Parks"},"previousItem":{"@type":"ListItem","@id":"https:\/\/mvandenoever.nl\/de\/#listItem","name":"Home"}},{"@type":"ListItem","@id":"https:\/\/mvandenoever.nl\/de\/produkt-kategorie\/platze-und-parks\/#listItem","position":3,"name":"Pl\u00e4tze und Parks","item":"https:\/\/mvandenoever.nl\/de\/produkt-kategorie\/platze-und-parks\/","nextItem":{"@type":"ListItem","@id":"https:\/\/mvandenoever.nl\/de\/produkt\/buche-fagus-sylvatica\/#listItem","name":"Fagus sylvatica | Buche"},"previousItem":{"@type":"ListItem","@id":"https:\/\/mvandenoever.nl\/assortiment\/#listItem","name":"Assortiment"}},{"@type":"ListItem","@id":"https:\/\/mvandenoever.nl\/de\/produkt\/buche-fagus-sylvatica\/#listItem","position":4,"name":"Fagus sylvatica | Buche","previousItem":{"@type":"ListItem","@id":"https:\/\/mvandenoever.nl\/de\/produkt-kategorie\/platze-und-parks\/#listItem","name":"Pl\u00e4tze und Parks"}}]},{"@type":"Organization","@id":"https:\/\/mvandenoever.nl\/de\/#organization","name":"Boomkwekerijen M. van den Oever & Zonen","description":"Leefwereldverbeteraars","url":"https:\/\/mvandenoever.nl\/de\/","logo":{"@type":"ImageObject","url":"https:\/\/mvandenoever.nl\/wp-content\/uploads\/2022\/05\/6373_Oever_logo_NEW.png","@id":"https:\/\/mvandenoever.nl\/de\/produkt\/buche-fagus-sylvatica\/#organizationLogo","width":850,"height":474},"image":{"@id":"https:\/\/mvandenoever.nl\/de\/produkt\/buche-fagus-sylvatica\/#organizationLogo"}},{"@type":"WebPage","@id":"https:\/\/mvandenoever.nl\/de\/produkt\/buche-fagus-sylvatica\/#webpage","url":"https:\/\/mvandenoever.nl\/de\/produkt\/buche-fagus-sylvatica\/","name":"Fagus sylvatica | Buche - Boomkwekerijen M. van den Oever & Zonen","description":"Die Buche (Fagus sylvatica) wird h\u00e4ufig f\u00fcr Hecken von 80 bis 400 cm H\u00f6he verwendet. Die Bl\u00e4tter der Buche treiben normalerweise Ende April - erste Maiwoche aus. Die Herbstf\u00e4rbung der Rotbuche ist orange. Im Winter bleiben in der Regel einige verwelkte Bl\u00e4tter an den Zweigen, die erst im n\u00e4chsten Jahr abfallen, wenn die Buche wieder austreibt. Um eine robustere Hecke zu erhalten, werden manchmal zwei\/drei Reihen in einer dreieckigen Anordnung gepflanzt. Wenn Sie Buchenhecken pflanzen lassen wollen, ist die beste Zeit daf\u00fcr zwischen November und M\u00e4rz.","inLanguage":"de-DE","isPartOf":{"@id":"https:\/\/mvandenoever.nl\/de\/#website"},"breadcrumb":{"@id":"https:\/\/mvandenoever.nl\/de\/produkt\/buche-fagus-sylvatica\/#breadcrumblist"},"image":{"@type":"ImageObject","url":"https:\/\/mvandenoever.nl\/wp-content\/uploads\/2022\/05\/fagus-sylvatica-haag1.jpg","@id":"https:\/\/mvandenoever.nl\/de\/produkt\/buche-fagus-sylvatica\/#mainImage","width":2048,"height":1365},"primaryImageOfPage":{"@id":"https:\/\/mvandenoever.nl\/de\/produkt\/buche-fagus-sylvatica\/#mainImage"},"datePublished":"2022-11-03T08:32:05+01:00","dateModified":"2022-11-03T08:32:05+01:00"},{"@type":"WebSite","@id":"https:\/\/mvandenoever.nl\/de\/#website","url":"https:\/\/mvandenoever.nl\/de\/","name":"Boomkwekerijen M. van den Oever & Zonen","description":"Leefwereldverbeteraars","inLanguage":"de-DE","publisher":{"@id":"https:\/\/mvandenoever.nl\/de\/#organization"}}]},"og:locale":"de_DE","og:site_name":"Boomkwekerijen M. van den Oever &amp; Zonen","og:type":"article","og:title":"Fagus sylvatica | Buche - Boomkwekerijen M. van den Oever &amp; Zonen","og:description":"Die Buche (Fagus sylvatica) wird h\u00e4ufig f\u00fcr Hecken von 80 bis 400 cm H\u00f6he verwendet. Die Bl\u00e4tter der Buche treiben normalerweise Ende April - erste Maiwoche aus. Die Herbstf\u00e4rbung der Rotbuche ist orange. Im Winter bleiben in der Regel einige verwelkte Bl\u00e4tter an den Zweigen, die erst im n\u00e4chsten Jahr abfallen, wenn die Buche wieder austreibt. Um eine robustere Hecke zu erhalten, werden manchmal zwei\/drei Reihen in einer dreieckigen Anordnung gepflanzt. Wenn Sie Buchenhecken pflanzen lassen wollen, ist die beste Zeit daf\u00fcr zwischen November und M\u00e4rz.","og:url":"https:\/\/mvandenoever.nl\/de\/produkt\/buche-fagus-sylvatica\/","og:image":"https:\/\/mvandenoever.nl\/wp-content\/uploads\/2022\/05\/6373_Oever_logo_NEW.png","og:image:secure_url":"https:\/\/mvandenoever.nl\/wp-content\/uploads\/2022\/05\/6373_Oever_logo_NEW.png","article:published_time":"2022-11-03T07:32:05+00:00","article:modified_time":"2022-11-03T07:32:05+00:00","twitter:card":"summary_large_image","twitter:title":"Fagus sylvatica | Buche - Boomkwekerijen M. van den Oever &amp; Zonen","twitter:description":"Die Buche (Fagus sylvatica) wird h\u00e4ufig f\u00fcr Hecken von 80 bis 400 cm H\u00f6he verwendet. Die Bl\u00e4tter der Buche treiben normalerweise Ende April - erste Maiwoche aus. Die Herbstf\u00e4rbung der Rotbuche ist orange. Im Winter bleiben in der Regel einige verwelkte Bl\u00e4tter an den Zweigen, die erst im n\u00e4chsten Jahr abfallen, wenn die Buche wieder austreibt. Um eine robustere Hecke zu erhalten, werden manchmal zwei\/drei Reihen in einer dreieckigen Anordnung gepflanzt. Wenn Sie Buchenhecken pflanzen lassen wollen, ist die beste Zeit daf\u00fcr zwischen November und M\u00e4rz.","twitter:image":"https:\/\/mvandenoever.nl\/wp-content\/uploads\/2022\/05\/6373_Oever_logo_NEW.png"},"aioseo_meta_data":{"post_id":"21429","title":null,"description":null,"keywords":null,"keyphrases":null,"primary_term":null,"canonical_url":null,"og_title":null,"og_description":null,"og_object_type":"default","og_image_type":"default","og_image_url":null,"og_image_width":null,"og_image_height":null,"og_image_custom_url":null,"og_image_custom_fields":null,"og_video":null,"og_custom_url":null,"og_article_section":null,"og_article_tags":null,"twitter_use_og":false,"twitter_card":"default","twitter_image_type":"default","twitter_image_url":null,"twitter_image_custom_url":null,"twitter_image_custom_fields":null,"twitter_title":null,"twitter_description":null,"schema":{"blockGraphs":[],"customGraphs":[],"default":{"data":{"Article":[],"Course":[],"Dataset":[],"FAQPage":[],"Movie":[],"Person":[],"Product":[],"ProductReview":[],"Car":[],"Recipe":[],"Service":[],"SoftwareApplication":[],"WebPage":[]},"graphName":"","isEnabled":true},"graphs":[]},"schema_type":"default","schema_type_options":null,"pillar_content":false,"robots_default":true,"robots_noindex":false,"robots_noarchive":false,"robots_nosnippet":false,"robots_nofollow":false,"robots_noimageindex":false,"robots_noodp":false,"robots_notranslate":false,"robots_max_snippet":null,"robots_max_videopreview":null,"robots_max_imagepreview":"large","priority":null,"frequency":null,"local_seo":null,"breadcrumb_settings":null,"limit_modified_date":false,"ai":null,"created":"2023-01-30 13:04:34","updated":"2026-05-26 08:57:53","seo_analyzer_scan_date":null,"focus_keyword":null,"additional_keywords":null,"truseo_locale":null},"aioseo_breadcrumb":"<div class=\"aioseo-breadcrumbs\"><span class=\"aioseo-breadcrumb\">\n\t\t\t<a href=\"https:\/\/mvandenoever.nl\/de\/\" title=\"Home\">Home<\/a>\n\t\t<\/span><span class=\"aioseo-breadcrumb-separator\">&raquo;<\/span><span class=\"aioseo-breadcrumb\">\n\t\t\t<a href=\"https:\/\/mvandenoever.nl\/assortiment\/\" title=\"Assortiment\">Assortiment<\/a>\n\t\t<\/span><span class=\"aioseo-breadcrumb-separator\">&raquo;<\/span><span class=\"aioseo-breadcrumb\">\n\t\t\t<a href=\"https:\/\/mvandenoever.nl\/de\/produkt-kategorie\/platze-und-parks\/\" title=\"Pl\u00e4tze und Parks\">Pl\u00e4tze und Parks<\/a>\n\t\t<\/span><span class=\"aioseo-breadcrumb-separator\">&raquo;<\/span><span class=\"aioseo-breadcrumb\">\n\t\t\tFagus sylvatica | Buche\n\t\t<\/span><\/div>","aioseo_breadcrumb_json":[{"label":"Home","link":"https:\/\/mvandenoever.nl\/de\/"},{"label":"Assortiment","link":"https:\/\/mvandenoever.nl\/assortiment\/"},{"label":"Pl\u00e4tze und Parks","link":"https:\/\/mvandenoever.nl\/de\/produkt-kategorie\/platze-und-parks\/"},{"label":"Fagus sylvatica | Buche","link":"https:\/\/mvandenoever.nl\/de\/produkt\/buche-fagus-sylvatica\/"}],"yoast_head":"<!-- This site is optimized with the Yoast SEO plugin v28.4 - https:\/\/yoast.com\/product\/yoast-seo-wordpress\/ -->\n<title>Fagus sylvatica | Buche - Boomkwekerijen M. van den Oever &amp; Zonen<\/title>\n<meta name=\"robots\" content=\"index, follow, max-snippet:-1, max-image-preview:large, max-video-preview:-1\" \/>\n<link rel=\"canonical\" href=\"https:\/\/mvandenoever.nl\/de\/produkt\/buche-fagus-sylvatica\/\" \/>\n<meta property=\"og:locale\" content=\"de_DE\" \/>\n<meta property=\"og:type\" content=\"article\" \/>\n<meta property=\"og:title\" content=\"Fagus sylvatica | Buche - Boomkwekerijen M. van den Oever &amp; Zonen\" \/>\n<meta property=\"og:description\" content=\"Die Buche (Fagus sylvatica) wird h\u00e4ufig f\u00fcr Hecken von 80 bis 400 cm H\u00f6he verwendet. Die Bl\u00e4tter der Buche treiben normalerweise Ende April - erste Maiwoche aus. Die Herbstf\u00e4rbung der Rotbuche ist orange. Im Winter bleiben in der Regel einige verwelkte Bl\u00e4tter an den Zweigen, die erst im n\u00e4chsten Jahr abfallen, wenn die Buche wieder austreibt. Um eine robustere Hecke zu erhalten, werden manchmal zwei\/drei Reihen in einer dreieckigen Anordnung gepflanzt. Wenn Sie Buchenhecken pflanzen lassen wollen, ist die beste Zeit daf\u00fcr zwischen November und M\u00e4rz.\" \/>\n<meta property=\"og:url\" content=\"https:\/\/mvandenoever.nl\/de\/produkt\/buche-fagus-sylvatica\/\" \/>\n<meta property=\"og:site_name\" content=\"Boomkwekerijen M. van den Oever &amp; Zonen\" \/>\n<meta name=\"twitter:card\" content=\"summary_large_image\" \/>\n<script type=\"application\/ld+json\" class=\"yoast-schema-graph\">{\"@context\":\"https:\\\/\\\/schema.org\",\"@graph\":[{\"@type\":\"WebPage\",\"@id\":\"https:\\\/\\\/mvandenoever.nl\\\/de\\\/produkt\\\/buche-fagus-sylvatica\\\/\",\"url\":\"https:\\\/\\\/mvandenoever.nl\\\/de\\\/produkt\\\/buche-fagus-sylvatica\\\/\",\"name\":\"Fagus sylvatica | Buche - Boomkwekerijen M. van den Oever &amp; Zonen\",\"isPartOf\":{\"@id\":\"https:\\\/\\\/mvandenoever.nl\\\/de\\\/#website\"},\"primaryImageOfPage\":{\"@id\":\"https:\\\/\\\/mvandenoever.nl\\\/de\\\/produkt\\\/buche-fagus-sylvatica\\\/#primaryimage\"},\"image\":{\"@id\":\"https:\\\/\\\/mvandenoever.nl\\\/de\\\/produkt\\\/buche-fagus-sylvatica\\\/#primaryimage\"},\"thumbnailUrl\":\"https:\\\/\\\/mvandenoever.nl\\\/wp-content\\\/uploads\\\/2022\\\/05\\\/fagus-sylvatica-haag1.jpg\",\"datePublished\":\"2022-11-03T07:32:05+00:00\",\"breadcrumb\":{\"@id\":\"https:\\\/\\\/mvandenoever.nl\\\/de\\\/produkt\\\/buche-fagus-sylvatica\\\/#breadcrumb\"},\"inLanguage\":\"de\",\"potentialAction\":[{\"@type\":\"ReadAction\",\"target\":[\"https:\\\/\\\/mvandenoever.nl\\\/de\\\/produkt\\\/buche-fagus-sylvatica\\\/\"]}]},{\"@type\":\"ImageObject\",\"inLanguage\":\"de\",\"@id\":\"https:\\\/\\\/mvandenoever.nl\\\/de\\\/produkt\\\/buche-fagus-sylvatica\\\/#primaryimage\",\"url\":\"https:\\\/\\\/mvandenoever.nl\\\/wp-content\\\/uploads\\\/2022\\\/05\\\/fagus-sylvatica-haag1.jpg\",\"contentUrl\":\"https:\\\/\\\/mvandenoever.nl\\\/wp-content\\\/uploads\\\/2022\\\/05\\\/fagus-sylvatica-haag1.jpg\",\"width\":2048,\"height\":1365},{\"@type\":\"BreadcrumbList\",\"@id\":\"https:\\\/\\\/mvandenoever.nl\\\/de\\\/produkt\\\/buche-fagus-sylvatica\\\/#breadcrumb\",\"itemListElement\":[{\"@type\":\"ListItem\",\"position\":1,\"name\":\"Home\",\"item\":\"https:\\\/\\\/mvandenoever.nl\\\/de\\\/startseite\\\/\"},{\"@type\":\"ListItem\",\"position\":2,\"name\":\"Assortiment\",\"item\":\"https:\\\/\\\/mvandenoever.nl\\\/assortiment\\\/\"},{\"@type\":\"ListItem\",\"position\":3,\"name\":\"Fagus sylvatica | Buche\"}]},{\"@type\":\"WebSite\",\"@id\":\"https:\\\/\\\/mvandenoever.nl\\\/de\\\/#website\",\"url\":\"https:\\\/\\\/mvandenoever.nl\\\/de\\\/\",\"name\":\"Boomkwekerijen M. van den Oever &amp; Zonen\",\"description\":\"Leefwereldverbeteraars\",\"publisher\":{\"@id\":\"https:\\\/\\\/mvandenoever.nl\\\/de\\\/#organization\"},\"potentialAction\":[{\"@type\":\"SearchAction\",\"target\":{\"@type\":\"EntryPoint\",\"urlTemplate\":\"https:\\\/\\\/mvandenoever.nl\\\/de\\\/?s={search_term_string}\"},\"query-input\":{\"@type\":\"PropertyValueSpecification\",\"valueRequired\":true,\"valueName\":\"search_term_string\"}}],\"inLanguage\":\"de\"},{\"@type\":\"Organization\",\"@id\":\"https:\\\/\\\/mvandenoever.nl\\\/de\\\/#organization\",\"name\":\"Boomkwekerijen M. van den Oever &amp; Zonen\",\"url\":\"https:\\\/\\\/mvandenoever.nl\\\/de\\\/\",\"logo\":{\"@type\":\"ImageObject\",\"inLanguage\":\"de\",\"@id\":\"https:\\\/\\\/mvandenoever.nl\\\/de\\\/#\\\/schema\\\/logo\\\/image\\\/\",\"url\":\"https:\\\/\\\/mvandenoever.nl\\\/wp-content\\\/uploads\\\/2022\\\/05\\\/6373_Oever_logo_NEW.png\",\"contentUrl\":\"https:\\\/\\\/mvandenoever.nl\\\/wp-content\\\/uploads\\\/2022\\\/05\\\/6373_Oever_logo_NEW.png\",\"width\":850,\"height\":474,\"caption\":\"Boomkwekerijen M. van den Oever &amp; Zonen\"},\"image\":{\"@id\":\"https:\\\/\\\/mvandenoever.nl\\\/de\\\/#\\\/schema\\\/logo\\\/image\\\/\"}}]}<\/script>\n<!-- \/ Yoast SEO plugin. -->","yoast_head_json":{"title":"Fagus sylvatica | Buche - Boomkwekerijen M. van den Oever &amp; Zonen","robots":{"index":"index","follow":"follow","max-snippet":"max-snippet:-1","max-image-preview":"max-image-preview:large","max-video-preview":"max-video-preview:-1"},"canonical":"https:\/\/mvandenoever.nl\/de\/produkt\/buche-fagus-sylvatica\/","og_locale":"de_DE","og_type":"article","og_title":"Fagus sylvatica | Buche - Boomkwekerijen M. van den Oever &amp; Zonen","og_description":"Die Buche (Fagus sylvatica) wird h\u00e4ufig f\u00fcr Hecken von 80 bis 400 cm H\u00f6he verwendet. Die Bl\u00e4tter der Buche treiben normalerweise Ende April - erste Maiwoche aus. Die Herbstf\u00e4rbung der Rotbuche ist orange. Im Winter bleiben in der Regel einige verwelkte Bl\u00e4tter an den Zweigen, die erst im n\u00e4chsten Jahr abfallen, wenn die Buche wieder austreibt. Um eine robustere Hecke zu erhalten, werden manchmal zwei\/drei Reihen in einer dreieckigen Anordnung gepflanzt. Wenn Sie Buchenhecken pflanzen lassen wollen, ist die beste Zeit daf\u00fcr zwischen November und M\u00e4rz.","og_url":"https:\/\/mvandenoever.nl\/de\/produkt\/buche-fagus-sylvatica\/","og_site_name":"Boomkwekerijen M. van den Oever &amp; Zonen","twitter_card":"summary_large_image","schema":{"@context":"https:\/\/schema.org","@graph":[{"@type":"WebPage","@id":"https:\/\/mvandenoever.nl\/de\/produkt\/buche-fagus-sylvatica\/","url":"https:\/\/mvandenoever.nl\/de\/produkt\/buche-fagus-sylvatica\/","name":"Fagus sylvatica | Buche - Boomkwekerijen M. van den Oever &amp; Zonen","isPartOf":{"@id":"https:\/\/mvandenoever.nl\/de\/#website"},"primaryImageOfPage":{"@id":"https:\/\/mvandenoever.nl\/de\/produkt\/buche-fagus-sylvatica\/#primaryimage"},"image":{"@id":"https:\/\/mvandenoever.nl\/de\/produkt\/buche-fagus-sylvatica\/#primaryimage"},"thumbnailUrl":"https:\/\/mvandenoever.nl\/wp-content\/uploads\/2022\/05\/fagus-sylvatica-haag1.jpg","datePublished":"2022-11-03T07:32:05+00:00","breadcrumb":{"@id":"https:\/\/mvandenoever.nl\/de\/produkt\/buche-fagus-sylvatica\/#breadcrumb"},"inLanguage":"de","potentialAction":[{"@type":"ReadAction","target":["https:\/\/mvandenoever.nl\/de\/produkt\/buche-fagus-sylvatica\/"]}]},{"@type":"ImageObject","inLanguage":"de","@id":"https:\/\/mvandenoever.nl\/de\/produkt\/buche-fagus-sylvatica\/#primaryimage","url":"https:\/\/mvandenoever.nl\/wp-content\/uploads\/2022\/05\/fagus-sylvatica-haag1.jpg","contentUrl":"https:\/\/mvandenoever.nl\/wp-content\/uploads\/2022\/05\/fagus-sylvatica-haag1.jpg","width":2048,"height":1365},{"@type":"BreadcrumbList","@id":"https:\/\/mvandenoever.nl\/de\/produkt\/buche-fagus-sylvatica\/#breadcrumb","itemListElement":[{"@type":"ListItem","position":1,"name":"Home","item":"https:\/\/mvandenoever.nl\/de\/startseite\/"},{"@type":"ListItem","position":2,"name":"Assortiment","item":"https:\/\/mvandenoever.nl\/assortiment\/"},{"@type":"ListItem","position":3,"name":"Fagus sylvatica | Buche"}]},{"@type":"WebSite","@id":"https:\/\/mvandenoever.nl\/de\/#website","url":"https:\/\/mvandenoever.nl\/de\/","name":"Boomkwekerijen M. van den Oever &amp; Zonen","description":"Leefwereldverbeteraars","publisher":{"@id":"https:\/\/mvandenoever.nl\/de\/#organization"},"potentialAction":[{"@type":"SearchAction","target":{"@type":"EntryPoint","urlTemplate":"https:\/\/mvandenoever.nl\/de\/?s={search_term_string}"},"query-input":{"@type":"PropertyValueSpecification","valueRequired":true,"valueName":"search_term_string"}}],"inLanguage":"de"},{"@type":"Organization","@id":"https:\/\/mvandenoever.nl\/de\/#organization","name":"Boomkwekerijen M. van den Oever &amp; Zonen","url":"https:\/\/mvandenoever.nl\/de\/","logo":{"@type":"ImageObject","inLanguage":"de","@id":"https:\/\/mvandenoever.nl\/de\/#\/schema\/logo\/image\/","url":"https:\/\/mvandenoever.nl\/wp-content\/uploads\/2022\/05\/6373_Oever_logo_NEW.png","contentUrl":"https:\/\/mvandenoever.nl\/wp-content\/uploads\/2022\/05\/6373_Oever_logo_NEW.png","width":850,"height":474,"caption":"Boomkwekerijen M. van den Oever &amp; Zonen"},"image":{"@id":"https:\/\/mvandenoever.nl\/de\/#\/schema\/logo\/image\/"}}]}},"_links":{"self":[{"href":"https:\/\/mvandenoever.nl\/de\/wp-json\/wp\/v2\/product\/21429","targetHints":{"allow":["GET"]}}],"collection":[{"href":"https:\/\/mvandenoever.nl\/de\/wp-json\/wp\/v2\/product"}],"about":[{"href":"https:\/\/mvandenoever.nl\/de\/wp-json\/wp\/v2\/types\/product"}],"wp:featuredmedia":[{"embeddable":true,"href":"https:\/\/mvandenoever.nl\/de\/wp-json\/wp\/v2\/media\/17466"}],"wp:attachment":[{"href":"https:\/\/mvandenoever.nl\/de\/wp-json\/wp\/v2\/media?parent=21429"}],"wp:term":[{"taxonomy":"product_brand","embeddable":true,"href":"https:\/\/mvandenoever.nl\/de\/wp-json\/wp\/v2\/product_brand?post=21429"},{"taxonomy":"product_cat","embeddable":true,"href":"https:\/\/mvandenoever.nl\/de\/wp-json\/wp\/v2\/product_cat?post=21429"},{"taxonomy":"product_tag","embeddable":true,"href":"https:\/\/mvandenoever.nl\/de\/wp-json\/wp\/v2\/product_tag?post=21429"}],"curies":[{"name":"wp","href":"https:\/\/api.w.org\/{rel}","templated":true}]}}