{"id":21494,"date":"2022-11-03T08:32:15","date_gmt":"2022-11-03T07:32:15","guid":{"rendered":"https:\/\/mvandenoever.nl\/product\/acer-campestre-huibers-elegant-feldahorn-spanische-eiche-dachform\/"},"modified":"2022-11-03T08:32:15","modified_gmt":"2022-11-03T07:32:15","slug":"acer-campestre-huibers-elegant-field-maple-spangled-roof-shape","status":"publish","type":"product","link":"https:\/\/mvandenoever.nl\/de\/produkt\/acer-campestre-huibers-elegant-field-maple-spangled-roof-shape\/","title":{"rendered":"Acer campestre &#8218;Huibers Elegant&#8216; | Feldahorn | Spanische Eiche | Dachform"},"content":{"rendered":"<p>Die Dachform &#8218;Huibers Elegant&#8216; ist der einheimischen Art sehr \u00e4hnlich, bleibt aber in Laub und H\u00f6he etwas kleiner und hat eine dichtere, geschlossene Krone. Sch\u00f6ne gelbe Herbstf\u00e4rbung und die charakteristischen gefl\u00fcgelten N\u00fcsse.<\/p>\n","protected":false},"excerpt":{"rendered":"<p>Die Dachform &#8218;Huibers Elegant&#8216; ist der einheimischen Art sehr \u00e4hnlich, bleibt aber in Laub und H\u00f6he etwas kleiner und hat eine dichtere, geschlossene Krone. Sch\u00f6ne gelbe Herbstf\u00e4rbung und die charakteristischen gefl\u00fcgelten N\u00fcsse.<\/p>\n","protected":false},"featured_media":17610,"template":"","meta":[],"product_brand":[],"product_cat":[1636,1593,2503,1600],"product_tag":[],"class_list":["post-21494","product","type-product","status-publish","has-post-thumbnail","product_cat-baume-an-der-kuste","product_cat-feinstaubreduzierung","product_cat-formschnittbaume","product_cat-grose-garten","first","instock","taxable","shipping-taxable","product-type-variable"],"aioseo_notices":[],"aioseo_head":"\n\t\t<!-- All in One SEO 5.0.1.1 - aioseo.com -->\n\t<meta name=\"description\" content=\"Die Dachform &#039;Huibers Elegant&#039; ist der einheimischen Art sehr \u00e4hnlich, bleibt aber in Laub und H\u00f6he etwas kleiner und hat eine dichtere, geschlossene Krone. Sch\u00f6ne gelbe Herbstf\u00e4rbung und die charakteristischen gefl\u00fcgelten N\u00fcsse.\" \/>\n\t<meta name=\"robots\" content=\"max-image-preview:large\" \/>\n\t<link rel=\"canonical\" href=\"https:\/\/mvandenoever.nl\/de\/produkt\/acer-campestre-huibers-elegant-field-maple-spangled-roof-shape\/\" \/>\n\t<meta name=\"generator\" content=\"All in One SEO (AIOSEO) 5.0.1.1\" \/>\n\t\t<meta property=\"og:locale\" content=\"de_DE\" \/>\n\t\t<meta property=\"og:site_name\" content=\"Boomkwekerijen M. van den Oever &amp; Zonen\" \/>\n\t\t<meta property=\"og:type\" content=\"article\" \/>\n\t\t<meta property=\"og:title\" content=\"Acer campestre \u201aHuibers Elegant\u2018 | Feldahorn | Spanische Eiche | Dachform - Boomkwekerijen M. van den Oever &amp; Zonen\" \/>\n\t\t<meta property=\"og:description\" content=\"Die Dachform &#039;Huibers Elegant&#039; ist der einheimischen Art sehr \u00e4hnlich, bleibt aber in Laub und H\u00f6he etwas kleiner und hat eine dichtere, geschlossene Krone. Sch\u00f6ne gelbe Herbstf\u00e4rbung und die charakteristischen gefl\u00fcgelten N\u00fcsse.\" \/>\n\t\t<meta property=\"og:url\" content=\"https:\/\/mvandenoever.nl\/de\/produkt\/acer-campestre-huibers-elegant-field-maple-spangled-roof-shape\/\" \/>\n\t\t<meta property=\"og:image\" content=\"https:\/\/mvandenoever.nl\/wp-content\/uploads\/2022\/05\/6373_Oever_logo_NEW.png\" \/>\n\t\t<meta property=\"og:image:secure_url\" content=\"https:\/\/mvandenoever.nl\/wp-content\/uploads\/2022\/05\/6373_Oever_logo_NEW.png\" \/>\n\t\t<meta property=\"article:published_time\" content=\"2022-11-03T07:32:15+00:00\" \/>\n\t\t<meta property=\"article:modified_time\" content=\"2022-11-03T07:32:15+00:00\" \/>\n\t\t<meta name=\"twitter:card\" content=\"summary_large_image\" \/>\n\t\t<meta name=\"twitter:title\" content=\"Acer campestre \u201aHuibers Elegant\u2018 | Feldahorn | Spanische Eiche | Dachform - Boomkwekerijen M. van den Oever &amp; Zonen\" \/>\n\t\t<meta name=\"twitter:description\" content=\"Die Dachform &#039;Huibers Elegant&#039; ist der einheimischen Art sehr \u00e4hnlich, bleibt aber in Laub und H\u00f6he etwas kleiner und hat eine dichtere, geschlossene Krone. Sch\u00f6ne gelbe Herbstf\u00e4rbung und die charakteristischen gefl\u00fcgelten N\u00fcsse.\" \/>\n\t\t<meta name=\"twitter:image\" content=\"https:\/\/mvandenoever.nl\/wp-content\/uploads\/2022\/05\/6373_Oever_logo_NEW.png\" \/>\n\t\t<script type=\"application\/ld+json\" class=\"aioseo-schema\">\n\t\t\t{\"@context\":\"https:\\\/\\\/schema.org\",\"@graph\":[{\"@type\":\"BreadcrumbList\",\"@id\":\"https:\\\/\\\/mvandenoever.nl\\\/de\\\/produkt\\\/acer-campestre-huibers-elegant-field-maple-spangled-roof-shape\\\/#breadcrumblist\",\"itemListElement\":[{\"@type\":\"ListItem\",\"@id\":\"https:\\\/\\\/mvandenoever.nl\\\/de\\\/#listItem\",\"position\":1,\"name\":\"Home\",\"item\":\"https:\\\/\\\/mvandenoever.nl\\\/de\\\/\",\"nextItem\":{\"@type\":\"ListItem\",\"@id\":\"https:\\\/\\\/mvandenoever.nl\\\/assortiment\\\/#listItem\",\"name\":\"Assortiment\"}},{\"@type\":\"ListItem\",\"@id\":\"https:\\\/\\\/mvandenoever.nl\\\/assortiment\\\/#listItem\",\"position\":2,\"name\":\"Assortiment\",\"item\":\"https:\\\/\\\/mvandenoever.nl\\\/assortiment\\\/\",\"nextItem\":{\"@type\":\"ListItem\",\"@id\":\"https:\\\/\\\/mvandenoever.nl\\\/de\\\/produkt-kategorie\\\/feinstaubreduzierung\\\/#listItem\",\"name\":\"Feinstaubreduzierung\"},\"previousItem\":{\"@type\":\"ListItem\",\"@id\":\"https:\\\/\\\/mvandenoever.nl\\\/de\\\/#listItem\",\"name\":\"Home\"}},{\"@type\":\"ListItem\",\"@id\":\"https:\\\/\\\/mvandenoever.nl\\\/de\\\/produkt-kategorie\\\/feinstaubreduzierung\\\/#listItem\",\"position\":3,\"name\":\"Feinstaubreduzierung\",\"item\":\"https:\\\/\\\/mvandenoever.nl\\\/de\\\/produkt-kategorie\\\/feinstaubreduzierung\\\/\",\"nextItem\":{\"@type\":\"ListItem\",\"@id\":\"https:\\\/\\\/mvandenoever.nl\\\/de\\\/produkt\\\/acer-campestre-huibers-elegant-field-maple-spangled-roof-shape\\\/#listItem\",\"name\":\"Acer campestre &#8218;Huibers Elegant&#8216; | Feldahorn | Spanische Eiche | Dachform\"},\"previousItem\":{\"@type\":\"ListItem\",\"@id\":\"https:\\\/\\\/mvandenoever.nl\\\/assortiment\\\/#listItem\",\"name\":\"Assortiment\"}},{\"@type\":\"ListItem\",\"@id\":\"https:\\\/\\\/mvandenoever.nl\\\/de\\\/produkt\\\/acer-campestre-huibers-elegant-field-maple-spangled-roof-shape\\\/#listItem\",\"position\":4,\"name\":\"Acer campestre &#8218;Huibers Elegant&#8216; | Feldahorn | Spanische Eiche | Dachform\",\"previousItem\":{\"@type\":\"ListItem\",\"@id\":\"https:\\\/\\\/mvandenoever.nl\\\/de\\\/produkt-kategorie\\\/feinstaubreduzierung\\\/#listItem\",\"name\":\"Feinstaubreduzierung\"}}]},{\"@type\":\"Organization\",\"@id\":\"https:\\\/\\\/mvandenoever.nl\\\/de\\\/#organization\",\"name\":\"Boomkwekerijen M. van den Oever & Zonen\",\"description\":\"Leefwereldverbeteraars\",\"url\":\"https:\\\/\\\/mvandenoever.nl\\\/de\\\/\",\"logo\":{\"@type\":\"ImageObject\",\"url\":\"https:\\\/\\\/mvandenoever.nl\\\/wp-content\\\/uploads\\\/2022\\\/05\\\/6373_Oever_logo_NEW.png\",\"@id\":\"https:\\\/\\\/mvandenoever.nl\\\/de\\\/produkt\\\/acer-campestre-huibers-elegant-field-maple-spangled-roof-shape\\\/#organizationLogo\",\"width\":850,\"height\":474},\"image\":{\"@id\":\"https:\\\/\\\/mvandenoever.nl\\\/de\\\/produkt\\\/acer-campestre-huibers-elegant-field-maple-spangled-roof-shape\\\/#organizationLogo\"}},{\"@type\":\"WebPage\",\"@id\":\"https:\\\/\\\/mvandenoever.nl\\\/de\\\/produkt\\\/acer-campestre-huibers-elegant-field-maple-spangled-roof-shape\\\/#webpage\",\"url\":\"https:\\\/\\\/mvandenoever.nl\\\/de\\\/produkt\\\/acer-campestre-huibers-elegant-field-maple-spangled-roof-shape\\\/\",\"name\":\"Acer campestre \\u201aHuibers Elegant\\u2018 | Feldahorn | Spanische Eiche | Dachform - Boomkwekerijen M. van den Oever & Zonen\",\"description\":\"Die Dachform 'Huibers Elegant' ist der einheimischen Art sehr \\u00e4hnlich, bleibt aber in Laub und H\\u00f6he etwas kleiner und hat eine dichtere, geschlossene Krone. Sch\\u00f6ne gelbe Herbstf\\u00e4rbung und die charakteristischen gefl\\u00fcgelten N\\u00fcsse.\",\"inLanguage\":\"de-DE\",\"isPartOf\":{\"@id\":\"https:\\\/\\\/mvandenoever.nl\\\/de\\\/#website\"},\"breadcrumb\":{\"@id\":\"https:\\\/\\\/mvandenoever.nl\\\/de\\\/produkt\\\/acer-campestre-huibers-elegant-field-maple-spangled-roof-shape\\\/#breadcrumblist\"},\"image\":{\"@type\":\"ImageObject\",\"url\":\"https:\\\/\\\/mvandenoever.nl\\\/wp-content\\\/uploads\\\/2022\\\/05\\\/acer-campestre-elsrijk-dakvorm2.jpg\",\"@id\":\"https:\\\/\\\/mvandenoever.nl\\\/de\\\/produkt\\\/acer-campestre-huibers-elegant-field-maple-spangled-roof-shape\\\/#mainImage\",\"width\":1536,\"height\":2048},\"primaryImageOfPage\":{\"@id\":\"https:\\\/\\\/mvandenoever.nl\\\/de\\\/produkt\\\/acer-campestre-huibers-elegant-field-maple-spangled-roof-shape\\\/#mainImage\"},\"datePublished\":\"2022-11-03T08:32:15+01:00\",\"dateModified\":\"2022-11-03T08:32:15+01:00\"},{\"@type\":\"WebSite\",\"@id\":\"https:\\\/\\\/mvandenoever.nl\\\/de\\\/#website\",\"url\":\"https:\\\/\\\/mvandenoever.nl\\\/de\\\/\",\"name\":\"Boomkwekerijen M. van den Oever & Zonen\",\"description\":\"Leefwereldverbeteraars\",\"inLanguage\":\"de-DE\",\"publisher\":{\"@id\":\"https:\\\/\\\/mvandenoever.nl\\\/de\\\/#organization\"}}]}\n\t\t<\/script>\n\t\t<!-- All in One SEO -->\n\n","aioseo_head_json":{"title":"Acer campestre \u201aHuibers Elegant\u2018 | Feldahorn | Spanische Eiche | Dachform - Boomkwekerijen M. van den Oever & Zonen","description":"Die Dachform 'Huibers Elegant' ist der einheimischen Art sehr \u00e4hnlich, bleibt aber in Laub und H\u00f6he etwas kleiner und hat eine dichtere, geschlossene Krone. Sch\u00f6ne gelbe Herbstf\u00e4rbung und die charakteristischen gefl\u00fcgelten N\u00fcsse.","canonical_url":"https:\/\/mvandenoever.nl\/de\/produkt\/acer-campestre-huibers-elegant-field-maple-spangled-roof-shape\/","robots":"max-image-preview:large","keywords":"","webmasterTools":{"miscellaneous":""},"schema":{"@context":"https:\/\/schema.org","@graph":[{"@type":"BreadcrumbList","@id":"https:\/\/mvandenoever.nl\/de\/produkt\/acer-campestre-huibers-elegant-field-maple-spangled-roof-shape\/#breadcrumblist","itemListElement":[{"@type":"ListItem","@id":"https:\/\/mvandenoever.nl\/de\/#listItem","position":1,"name":"Home","item":"https:\/\/mvandenoever.nl\/de\/","nextItem":{"@type":"ListItem","@id":"https:\/\/mvandenoever.nl\/assortiment\/#listItem","name":"Assortiment"}},{"@type":"ListItem","@id":"https:\/\/mvandenoever.nl\/assortiment\/#listItem","position":2,"name":"Assortiment","item":"https:\/\/mvandenoever.nl\/assortiment\/","nextItem":{"@type":"ListItem","@id":"https:\/\/mvandenoever.nl\/de\/produkt-kategorie\/feinstaubreduzierung\/#listItem","name":"Feinstaubreduzierung"},"previousItem":{"@type":"ListItem","@id":"https:\/\/mvandenoever.nl\/de\/#listItem","name":"Home"}},{"@type":"ListItem","@id":"https:\/\/mvandenoever.nl\/de\/produkt-kategorie\/feinstaubreduzierung\/#listItem","position":3,"name":"Feinstaubreduzierung","item":"https:\/\/mvandenoever.nl\/de\/produkt-kategorie\/feinstaubreduzierung\/","nextItem":{"@type":"ListItem","@id":"https:\/\/mvandenoever.nl\/de\/produkt\/acer-campestre-huibers-elegant-field-maple-spangled-roof-shape\/#listItem","name":"Acer campestre &#8218;Huibers Elegant&#8216; | Feldahorn | Spanische Eiche | Dachform"},"previousItem":{"@type":"ListItem","@id":"https:\/\/mvandenoever.nl\/assortiment\/#listItem","name":"Assortiment"}},{"@type":"ListItem","@id":"https:\/\/mvandenoever.nl\/de\/produkt\/acer-campestre-huibers-elegant-field-maple-spangled-roof-shape\/#listItem","position":4,"name":"Acer campestre &#8218;Huibers Elegant&#8216; | Feldahorn | Spanische Eiche | Dachform","previousItem":{"@type":"ListItem","@id":"https:\/\/mvandenoever.nl\/de\/produkt-kategorie\/feinstaubreduzierung\/#listItem","name":"Feinstaubreduzierung"}}]},{"@type":"Organization","@id":"https:\/\/mvandenoever.nl\/de\/#organization","name":"Boomkwekerijen M. van den Oever & Zonen","description":"Leefwereldverbeteraars","url":"https:\/\/mvandenoever.nl\/de\/","logo":{"@type":"ImageObject","url":"https:\/\/mvandenoever.nl\/wp-content\/uploads\/2022\/05\/6373_Oever_logo_NEW.png","@id":"https:\/\/mvandenoever.nl\/de\/produkt\/acer-campestre-huibers-elegant-field-maple-spangled-roof-shape\/#organizationLogo","width":850,"height":474},"image":{"@id":"https:\/\/mvandenoever.nl\/de\/produkt\/acer-campestre-huibers-elegant-field-maple-spangled-roof-shape\/#organizationLogo"}},{"@type":"WebPage","@id":"https:\/\/mvandenoever.nl\/de\/produkt\/acer-campestre-huibers-elegant-field-maple-spangled-roof-shape\/#webpage","url":"https:\/\/mvandenoever.nl\/de\/produkt\/acer-campestre-huibers-elegant-field-maple-spangled-roof-shape\/","name":"Acer campestre \u201aHuibers Elegant\u2018 | Feldahorn | Spanische Eiche | Dachform - Boomkwekerijen M. van den Oever & Zonen","description":"Die Dachform 'Huibers Elegant' ist der einheimischen Art sehr \u00e4hnlich, bleibt aber in Laub und H\u00f6he etwas kleiner und hat eine dichtere, geschlossene Krone. Sch\u00f6ne gelbe Herbstf\u00e4rbung und die charakteristischen gefl\u00fcgelten N\u00fcsse.","inLanguage":"de-DE","isPartOf":{"@id":"https:\/\/mvandenoever.nl\/de\/#website"},"breadcrumb":{"@id":"https:\/\/mvandenoever.nl\/de\/produkt\/acer-campestre-huibers-elegant-field-maple-spangled-roof-shape\/#breadcrumblist"},"image":{"@type":"ImageObject","url":"https:\/\/mvandenoever.nl\/wp-content\/uploads\/2022\/05\/acer-campestre-elsrijk-dakvorm2.jpg","@id":"https:\/\/mvandenoever.nl\/de\/produkt\/acer-campestre-huibers-elegant-field-maple-spangled-roof-shape\/#mainImage","width":1536,"height":2048},"primaryImageOfPage":{"@id":"https:\/\/mvandenoever.nl\/de\/produkt\/acer-campestre-huibers-elegant-field-maple-spangled-roof-shape\/#mainImage"},"datePublished":"2022-11-03T08:32:15+01:00","dateModified":"2022-11-03T08:32:15+01:00"},{"@type":"WebSite","@id":"https:\/\/mvandenoever.nl\/de\/#website","url":"https:\/\/mvandenoever.nl\/de\/","name":"Boomkwekerijen M. van den Oever & Zonen","description":"Leefwereldverbeteraars","inLanguage":"de-DE","publisher":{"@id":"https:\/\/mvandenoever.nl\/de\/#organization"}}]},"og:locale":"de_DE","og:site_name":"Boomkwekerijen M. van den Oever &amp; Zonen","og:type":"article","og:title":"Acer campestre \u201aHuibers Elegant\u2018 | Feldahorn | Spanische Eiche | Dachform - Boomkwekerijen M. van den Oever &amp; Zonen","og:description":"Die Dachform 'Huibers Elegant' ist der einheimischen Art sehr \u00e4hnlich, bleibt aber in Laub und H\u00f6he etwas kleiner und hat eine dichtere, geschlossene Krone. Sch\u00f6ne gelbe Herbstf\u00e4rbung und die charakteristischen gefl\u00fcgelten N\u00fcsse.","og:url":"https:\/\/mvandenoever.nl\/de\/produkt\/acer-campestre-huibers-elegant-field-maple-spangled-roof-shape\/","og:image":"https:\/\/mvandenoever.nl\/wp-content\/uploads\/2022\/05\/6373_Oever_logo_NEW.png","og:image:secure_url":"https:\/\/mvandenoever.nl\/wp-content\/uploads\/2022\/05\/6373_Oever_logo_NEW.png","article:published_time":"2022-11-03T07:32:15+00:00","article:modified_time":"2022-11-03T07:32:15+00:00","twitter:card":"summary_large_image","twitter:title":"Acer campestre \u201aHuibers Elegant\u2018 | Feldahorn | Spanische Eiche | Dachform - Boomkwekerijen M. van den Oever &amp; Zonen","twitter:description":"Die Dachform 'Huibers Elegant' ist der einheimischen Art sehr \u00e4hnlich, bleibt aber in Laub und H\u00f6he etwas kleiner und hat eine dichtere, geschlossene Krone. Sch\u00f6ne gelbe Herbstf\u00e4rbung und die charakteristischen gefl\u00fcgelten N\u00fcsse.","twitter:image":"https:\/\/mvandenoever.nl\/wp-content\/uploads\/2022\/05\/6373_Oever_logo_NEW.png"},"aioseo_meta_data":{"post_id":"21494","title":null,"description":null,"keywords":null,"keyphrases":null,"primary_term":null,"canonical_url":null,"og_title":null,"og_description":null,"og_object_type":"default","og_image_type":"default","og_image_url":null,"og_image_width":null,"og_image_height":null,"og_image_custom_url":null,"og_image_custom_fields":null,"og_video":null,"og_custom_url":null,"og_article_section":null,"og_article_tags":null,"twitter_use_og":false,"twitter_card":"default","twitter_image_type":"default","twitter_image_url":null,"twitter_image_custom_url":null,"twitter_image_custom_fields":null,"twitter_title":null,"twitter_description":null,"schema":{"blockGraphs":[],"customGraphs":[],"default":{"data":{"Article":[],"Course":[],"Dataset":[],"FAQPage":[],"Movie":[],"Person":[],"Product":[],"ProductReview":[],"Car":[],"Recipe":[],"Service":[],"SoftwareApplication":[],"WebPage":[]},"graphName":"","isEnabled":true},"graphs":[]},"schema_type":"default","schema_type_options":null,"pillar_content":false,"robots_default":true,"robots_noindex":false,"robots_noarchive":false,"robots_nosnippet":false,"robots_nofollow":false,"robots_noimageindex":false,"robots_noodp":false,"robots_notranslate":false,"robots_max_snippet":null,"robots_max_videopreview":null,"robots_max_imagepreview":"large","priority":null,"frequency":null,"local_seo":null,"breadcrumb_settings":null,"limit_modified_date":false,"ai":null,"created":"2023-01-30 13:05:29","updated":"2026-06-08 13:56:22","seo_analyzer_scan_date":null,"focus_keyword":null,"additional_keywords":null,"truseo_locale":null},"aioseo_breadcrumb":"<div class=\"aioseo-breadcrumbs\"><span class=\"aioseo-breadcrumb\">\n\t\t\t<a href=\"https:\/\/mvandenoever.nl\/de\/\" title=\"Home\">Home<\/a>\n\t\t<\/span><span class=\"aioseo-breadcrumb-separator\">&raquo;<\/span><span class=\"aioseo-breadcrumb\">\n\t\t\t<a href=\"https:\/\/mvandenoever.nl\/assortiment\/\" title=\"Assortiment\">Assortiment<\/a>\n\t\t<\/span><span class=\"aioseo-breadcrumb-separator\">&raquo;<\/span><span class=\"aioseo-breadcrumb\">\n\t\t\t<a href=\"https:\/\/mvandenoever.nl\/de\/produkt-kategorie\/feinstaubreduzierung\/\" title=\"Feinstaubreduzierung\">Feinstaubreduzierung<\/a>\n\t\t<\/span><span class=\"aioseo-breadcrumb-separator\">&raquo;<\/span><span class=\"aioseo-breadcrumb\">\n\t\t\tAcer campestre \u201aHuibers Elegant\u2018 | Feldahorn | Spanische Eiche | Dachform\n\t\t<\/span><\/div>","aioseo_breadcrumb_json":[{"label":"Home","link":"https:\/\/mvandenoever.nl\/de\/"},{"label":"Assortiment","link":"https:\/\/mvandenoever.nl\/assortiment\/"},{"label":"Feinstaubreduzierung","link":"https:\/\/mvandenoever.nl\/de\/produkt-kategorie\/feinstaubreduzierung\/"},{"label":"Acer campestre &#8218;Huibers Elegant&#8216; | Feldahorn | Spanische Eiche | Dachform","link":"https:\/\/mvandenoever.nl\/de\/produkt\/acer-campestre-huibers-elegant-field-maple-spangled-roof-shape\/"}],"yoast_head":"<!-- This site is optimized with the Yoast SEO plugin v28.4 - https:\/\/yoast.com\/product\/yoast-seo-wordpress\/ -->\n<title>Acer campestre &#039;Huibers Elegant&#039; | Feldahorn | Spanische Eiche | Dachform - Boomkwekerijen M. van den Oever &amp; Zonen<\/title>\n<meta name=\"robots\" content=\"index, follow, max-snippet:-1, max-image-preview:large, max-video-preview:-1\" \/>\n<link rel=\"canonical\" href=\"https:\/\/mvandenoever.nl\/de\/produkt\/acer-campestre-huibers-elegant-field-maple-spangled-roof-shape\/\" \/>\n<meta property=\"og:locale\" content=\"de_DE\" \/>\n<meta property=\"og:type\" content=\"article\" \/>\n<meta property=\"og:title\" content=\"Acer campestre &#039;Huibers Elegant&#039; | Feldahorn | Spanische Eiche | Dachform - Boomkwekerijen M. van den Oever &amp; Zonen\" \/>\n<meta property=\"og:description\" content=\"Die Dachform &#039;Huibers Elegant&#039; ist der einheimischen Art sehr \u00e4hnlich, bleibt aber in Laub und H\u00f6he etwas kleiner und hat eine dichtere, geschlossene Krone. Sch\u00f6ne gelbe Herbstf\u00e4rbung und die charakteristischen gefl\u00fcgelten N\u00fcsse.\" \/>\n<meta property=\"og:url\" content=\"https:\/\/mvandenoever.nl\/de\/produkt\/acer-campestre-huibers-elegant-field-maple-spangled-roof-shape\/\" \/>\n<meta property=\"og:site_name\" content=\"Boomkwekerijen M. van den Oever &amp; Zonen\" \/>\n<meta property=\"og:image\" content=\"https:\/\/mvandenoever.nl\/wp-content\/uploads\/2022\/05\/acer-campestre-elsrijk-dakvorm2.jpg\" \/>\n\t<meta property=\"og:image:width\" content=\"1536\" \/>\n\t<meta property=\"og:image:height\" content=\"2048\" \/>\n\t<meta property=\"og:image:type\" content=\"image\/jpeg\" \/>\n<meta name=\"twitter:card\" content=\"summary_large_image\" \/>\n<script type=\"application\/ld+json\" class=\"yoast-schema-graph\">{\"@context\":\"https:\\\/\\\/schema.org\",\"@graph\":[{\"@type\":\"WebPage\",\"@id\":\"https:\\\/\\\/mvandenoever.nl\\\/de\\\/produkt\\\/acer-campestre-huibers-elegant-field-maple-spangled-roof-shape\\\/\",\"url\":\"https:\\\/\\\/mvandenoever.nl\\\/de\\\/produkt\\\/acer-campestre-huibers-elegant-field-maple-spangled-roof-shape\\\/\",\"name\":\"Acer campestre 'Huibers Elegant' | Feldahorn | Spanische Eiche | Dachform - Boomkwekerijen M. van den Oever &amp; Zonen\",\"isPartOf\":{\"@id\":\"https:\\\/\\\/mvandenoever.nl\\\/de\\\/#website\"},\"primaryImageOfPage\":{\"@id\":\"https:\\\/\\\/mvandenoever.nl\\\/de\\\/produkt\\\/acer-campestre-huibers-elegant-field-maple-spangled-roof-shape\\\/#primaryimage\"},\"image\":{\"@id\":\"https:\\\/\\\/mvandenoever.nl\\\/de\\\/produkt\\\/acer-campestre-huibers-elegant-field-maple-spangled-roof-shape\\\/#primaryimage\"},\"thumbnailUrl\":\"https:\\\/\\\/mvandenoever.nl\\\/wp-content\\\/uploads\\\/2022\\\/05\\\/acer-campestre-elsrijk-dakvorm2.jpg\",\"datePublished\":\"2022-11-03T07:32:15+00:00\",\"breadcrumb\":{\"@id\":\"https:\\\/\\\/mvandenoever.nl\\\/de\\\/produkt\\\/acer-campestre-huibers-elegant-field-maple-spangled-roof-shape\\\/#breadcrumb\"},\"inLanguage\":\"de\",\"potentialAction\":[{\"@type\":\"ReadAction\",\"target\":[\"https:\\\/\\\/mvandenoever.nl\\\/de\\\/produkt\\\/acer-campestre-huibers-elegant-field-maple-spangled-roof-shape\\\/\"]}]},{\"@type\":\"ImageObject\",\"inLanguage\":\"de\",\"@id\":\"https:\\\/\\\/mvandenoever.nl\\\/de\\\/produkt\\\/acer-campestre-huibers-elegant-field-maple-spangled-roof-shape\\\/#primaryimage\",\"url\":\"https:\\\/\\\/mvandenoever.nl\\\/wp-content\\\/uploads\\\/2022\\\/05\\\/acer-campestre-elsrijk-dakvorm2.jpg\",\"contentUrl\":\"https:\\\/\\\/mvandenoever.nl\\\/wp-content\\\/uploads\\\/2022\\\/05\\\/acer-campestre-elsrijk-dakvorm2.jpg\",\"width\":1536,\"height\":2048},{\"@type\":\"BreadcrumbList\",\"@id\":\"https:\\\/\\\/mvandenoever.nl\\\/de\\\/produkt\\\/acer-campestre-huibers-elegant-field-maple-spangled-roof-shape\\\/#breadcrumb\",\"itemListElement\":[{\"@type\":\"ListItem\",\"position\":1,\"name\":\"Home\",\"item\":\"https:\\\/\\\/mvandenoever.nl\\\/de\\\/startseite\\\/\"},{\"@type\":\"ListItem\",\"position\":2,\"name\":\"Assortiment\",\"item\":\"https:\\\/\\\/mvandenoever.nl\\\/assortiment\\\/\"},{\"@type\":\"ListItem\",\"position\":3,\"name\":\"Acer campestre &#8216;Huibers Elegant&#8217; | Feldahorn | Spanische Eiche | Dachform\"}]},{\"@type\":\"WebSite\",\"@id\":\"https:\\\/\\\/mvandenoever.nl\\\/de\\\/#website\",\"url\":\"https:\\\/\\\/mvandenoever.nl\\\/de\\\/\",\"name\":\"Boomkwekerijen M. van den Oever &amp; Zonen\",\"description\":\"Leefwereldverbeteraars\",\"publisher\":{\"@id\":\"https:\\\/\\\/mvandenoever.nl\\\/de\\\/#organization\"},\"potentialAction\":[{\"@type\":\"SearchAction\",\"target\":{\"@type\":\"EntryPoint\",\"urlTemplate\":\"https:\\\/\\\/mvandenoever.nl\\\/de\\\/?s={search_term_string}\"},\"query-input\":{\"@type\":\"PropertyValueSpecification\",\"valueRequired\":true,\"valueName\":\"search_term_string\"}}],\"inLanguage\":\"de\"},{\"@type\":\"Organization\",\"@id\":\"https:\\\/\\\/mvandenoever.nl\\\/de\\\/#organization\",\"name\":\"Boomkwekerijen M. van den Oever &amp; Zonen\",\"url\":\"https:\\\/\\\/mvandenoever.nl\\\/de\\\/\",\"logo\":{\"@type\":\"ImageObject\",\"inLanguage\":\"de\",\"@id\":\"https:\\\/\\\/mvandenoever.nl\\\/de\\\/#\\\/schema\\\/logo\\\/image\\\/\",\"url\":\"https:\\\/\\\/mvandenoever.nl\\\/wp-content\\\/uploads\\\/2022\\\/05\\\/6373_Oever_logo_NEW.png\",\"contentUrl\":\"https:\\\/\\\/mvandenoever.nl\\\/wp-content\\\/uploads\\\/2022\\\/05\\\/6373_Oever_logo_NEW.png\",\"width\":850,\"height\":474,\"caption\":\"Boomkwekerijen M. van den Oever &amp; Zonen\"},\"image\":{\"@id\":\"https:\\\/\\\/mvandenoever.nl\\\/de\\\/#\\\/schema\\\/logo\\\/image\\\/\"}}]}<\/script>\n<!-- \/ Yoast SEO plugin. -->","yoast_head_json":{"title":"Acer campestre 'Huibers Elegant' | Feldahorn | Spanische Eiche | Dachform - Boomkwekerijen M. van den Oever &amp; Zonen","robots":{"index":"index","follow":"follow","max-snippet":"max-snippet:-1","max-image-preview":"max-image-preview:large","max-video-preview":"max-video-preview:-1"},"canonical":"https:\/\/mvandenoever.nl\/de\/produkt\/acer-campestre-huibers-elegant-field-maple-spangled-roof-shape\/","og_locale":"de_DE","og_type":"article","og_title":"Acer campestre 'Huibers Elegant' | Feldahorn | Spanische Eiche | Dachform - Boomkwekerijen M. van den Oever &amp; Zonen","og_description":"Die Dachform 'Huibers Elegant' ist der einheimischen Art sehr \u00e4hnlich, bleibt aber in Laub und H\u00f6he etwas kleiner und hat eine dichtere, geschlossene Krone. Sch\u00f6ne gelbe Herbstf\u00e4rbung und die charakteristischen gefl\u00fcgelten N\u00fcsse.","og_url":"https:\/\/mvandenoever.nl\/de\/produkt\/acer-campestre-huibers-elegant-field-maple-spangled-roof-shape\/","og_site_name":"Boomkwekerijen M. van den Oever &amp; Zonen","og_image":[{"width":1536,"height":2048,"url":"https:\/\/mvandenoever.nl\/wp-content\/uploads\/2022\/05\/acer-campestre-elsrijk-dakvorm2.jpg","type":"image\/jpeg"}],"twitter_card":"summary_large_image","schema":{"@context":"https:\/\/schema.org","@graph":[{"@type":"WebPage","@id":"https:\/\/mvandenoever.nl\/de\/produkt\/acer-campestre-huibers-elegant-field-maple-spangled-roof-shape\/","url":"https:\/\/mvandenoever.nl\/de\/produkt\/acer-campestre-huibers-elegant-field-maple-spangled-roof-shape\/","name":"Acer campestre 'Huibers Elegant' | Feldahorn | Spanische Eiche | Dachform - Boomkwekerijen M. van den Oever &amp; Zonen","isPartOf":{"@id":"https:\/\/mvandenoever.nl\/de\/#website"},"primaryImageOfPage":{"@id":"https:\/\/mvandenoever.nl\/de\/produkt\/acer-campestre-huibers-elegant-field-maple-spangled-roof-shape\/#primaryimage"},"image":{"@id":"https:\/\/mvandenoever.nl\/de\/produkt\/acer-campestre-huibers-elegant-field-maple-spangled-roof-shape\/#primaryimage"},"thumbnailUrl":"https:\/\/mvandenoever.nl\/wp-content\/uploads\/2022\/05\/acer-campestre-elsrijk-dakvorm2.jpg","datePublished":"2022-11-03T07:32:15+00:00","breadcrumb":{"@id":"https:\/\/mvandenoever.nl\/de\/produkt\/acer-campestre-huibers-elegant-field-maple-spangled-roof-shape\/#breadcrumb"},"inLanguage":"de","potentialAction":[{"@type":"ReadAction","target":["https:\/\/mvandenoever.nl\/de\/produkt\/acer-campestre-huibers-elegant-field-maple-spangled-roof-shape\/"]}]},{"@type":"ImageObject","inLanguage":"de","@id":"https:\/\/mvandenoever.nl\/de\/produkt\/acer-campestre-huibers-elegant-field-maple-spangled-roof-shape\/#primaryimage","url":"https:\/\/mvandenoever.nl\/wp-content\/uploads\/2022\/05\/acer-campestre-elsrijk-dakvorm2.jpg","contentUrl":"https:\/\/mvandenoever.nl\/wp-content\/uploads\/2022\/05\/acer-campestre-elsrijk-dakvorm2.jpg","width":1536,"height":2048},{"@type":"BreadcrumbList","@id":"https:\/\/mvandenoever.nl\/de\/produkt\/acer-campestre-huibers-elegant-field-maple-spangled-roof-shape\/#breadcrumb","itemListElement":[{"@type":"ListItem","position":1,"name":"Home","item":"https:\/\/mvandenoever.nl\/de\/startseite\/"},{"@type":"ListItem","position":2,"name":"Assortiment","item":"https:\/\/mvandenoever.nl\/assortiment\/"},{"@type":"ListItem","position":3,"name":"Acer campestre &#8216;Huibers Elegant&#8217; | Feldahorn | Spanische Eiche | Dachform"}]},{"@type":"WebSite","@id":"https:\/\/mvandenoever.nl\/de\/#website","url":"https:\/\/mvandenoever.nl\/de\/","name":"Boomkwekerijen M. van den Oever &amp; Zonen","description":"Leefwereldverbeteraars","publisher":{"@id":"https:\/\/mvandenoever.nl\/de\/#organization"},"potentialAction":[{"@type":"SearchAction","target":{"@type":"EntryPoint","urlTemplate":"https:\/\/mvandenoever.nl\/de\/?s={search_term_string}"},"query-input":{"@type":"PropertyValueSpecification","valueRequired":true,"valueName":"search_term_string"}}],"inLanguage":"de"},{"@type":"Organization","@id":"https:\/\/mvandenoever.nl\/de\/#organization","name":"Boomkwekerijen M. van den Oever &amp; Zonen","url":"https:\/\/mvandenoever.nl\/de\/","logo":{"@type":"ImageObject","inLanguage":"de","@id":"https:\/\/mvandenoever.nl\/de\/#\/schema\/logo\/image\/","url":"https:\/\/mvandenoever.nl\/wp-content\/uploads\/2022\/05\/6373_Oever_logo_NEW.png","contentUrl":"https:\/\/mvandenoever.nl\/wp-content\/uploads\/2022\/05\/6373_Oever_logo_NEW.png","width":850,"height":474,"caption":"Boomkwekerijen M. van den Oever &amp; Zonen"},"image":{"@id":"https:\/\/mvandenoever.nl\/de\/#\/schema\/logo\/image\/"}}]}},"_links":{"self":[{"href":"https:\/\/mvandenoever.nl\/de\/wp-json\/wp\/v2\/product\/21494","targetHints":{"allow":["GET"]}}],"collection":[{"href":"https:\/\/mvandenoever.nl\/de\/wp-json\/wp\/v2\/product"}],"about":[{"href":"https:\/\/mvandenoever.nl\/de\/wp-json\/wp\/v2\/types\/product"}],"wp:featuredmedia":[{"embeddable":true,"href":"https:\/\/mvandenoever.nl\/de\/wp-json\/wp\/v2\/media\/17610"}],"wp:attachment":[{"href":"https:\/\/mvandenoever.nl\/de\/wp-json\/wp\/v2\/media?parent=21494"}],"wp:term":[{"taxonomy":"product_brand","embeddable":true,"href":"https:\/\/mvandenoever.nl\/de\/wp-json\/wp\/v2\/product_brand?post=21494"},{"taxonomy":"product_cat","embeddable":true,"href":"https:\/\/mvandenoever.nl\/de\/wp-json\/wp\/v2\/product_cat?post=21494"},{"taxonomy":"product_tag","embeddable":true,"href":"https:\/\/mvandenoever.nl\/de\/wp-json\/wp\/v2\/product_tag?post=21494"}],"curies":[{"name":"wp","href":"https:\/\/api.w.org\/{rel}","templated":true}]}}