{"id":22044,"date":"2022-11-03T08:34:06","date_gmt":"2022-11-03T07:34:06","guid":{"rendered":"https:\/\/mvandenoever.nl\/product\/quercus-palustris-sumpfeiche\/"},"modified":"2022-11-03T08:34:06","modified_gmt":"2022-11-03T07:34:06","slug":"sumpf-eiche-quercus-palustris","status":"publish","type":"product","link":"https:\/\/mvandenoever.nl\/de\/produkt\/sumpf-eiche-quercus-palustris\/","title":{"rendered":"Quercus palustris | Sumpfeiche"},"content":{"rendered":"<p>Die Sumpfeiche ist ein Baum, der ziemlich schnell w\u00e4chst. Der Baum ist leicht an seinen tief eingeschnittenen Bl\u00e4ttern zu erkennen, die sich im Herbst leuchtend rotbraun f\u00e4rben. Ein besonderes Merkmal sind die waagerecht aufrecht stehenden \u00c4ste, die dem Baum eine breite pyramidenf\u00f6rmige Krone verleihen.<\/p>\n","protected":false},"excerpt":{"rendered":"<p>Die Sumpfeiche ist ein Baum, der ziemlich schnell w\u00e4chst. Der Baum ist leicht an seinen tief eingeschnittenen Bl\u00e4ttern zu erkennen, die sich im Herbst leuchtend rotbraun f\u00e4rben. Ein besonderes Merkmal sind die waagerecht aufrecht stehenden \u00c4ste, die dem Baum eine breite pyramidenf\u00f6rmige Krone verleihen.<\/p>\n","protected":false},"featured_media":19136,"template":"","meta":[],"product_brand":[],"product_cat":[1634,1604,1600,2448,1598,1596],"product_tag":[],"class_list":["post-22044","product","type-product","status-publish","has-post-thumbnail","product_cat-einzelhaft","product_cat-garten-park-und-alleebaume","product_cat-grose-garten","product_cat-parks","product_cat-platze-und-parks","product_cat-strasen","first","instock","taxable","shipping-taxable","product-type-variable"],"aioseo_notices":[],"aioseo_head":"\n\t\t<!-- All in One SEO 5.0.1.1 - aioseo.com -->\n\t<meta name=\"description\" content=\"Die Sumpfeiche ist ein Baum, der ziemlich schnell w\u00e4chst. Der Baum ist leicht an seinen tief eingeschnittenen Bl\u00e4ttern zu erkennen, die sich im Herbst leuchtend rotbraun f\u00e4rben. Ein besonderes Merkmal sind die waagerecht aufrecht stehenden \u00c4ste, die dem Baum eine breite pyramidenf\u00f6rmige Krone verleihen.\" \/>\n\t<meta name=\"robots\" content=\"max-image-preview:large\" \/>\n\t<link rel=\"canonical\" href=\"https:\/\/mvandenoever.nl\/de\/produkt\/sumpf-eiche-quercus-palustris\/\" \/>\n\t<meta name=\"generator\" content=\"All in One SEO (AIOSEO) 5.0.1.1\" \/>\n\t\t<meta property=\"og:locale\" content=\"de_DE\" \/>\n\t\t<meta property=\"og:site_name\" content=\"Boomkwekerijen M. van den Oever &amp; Zonen\" \/>\n\t\t<meta property=\"og:type\" content=\"article\" \/>\n\t\t<meta property=\"og:title\" content=\"Quercus palustris | Sumpfeiche - Boomkwekerijen M. van den Oever &amp; Zonen\" \/>\n\t\t<meta property=\"og:description\" content=\"Die Sumpfeiche ist ein Baum, der ziemlich schnell w\u00e4chst. Der Baum ist leicht an seinen tief eingeschnittenen Bl\u00e4ttern zu erkennen, die sich im Herbst leuchtend rotbraun f\u00e4rben. Ein besonderes Merkmal sind die waagerecht aufrecht stehenden \u00c4ste, die dem Baum eine breite pyramidenf\u00f6rmige Krone verleihen.\" \/>\n\t\t<meta property=\"og:url\" content=\"https:\/\/mvandenoever.nl\/de\/produkt\/sumpf-eiche-quercus-palustris\/\" \/>\n\t\t<meta property=\"og:image\" content=\"https:\/\/mvandenoever.nl\/wp-content\/uploads\/2022\/05\/6373_Oever_logo_NEW.png\" \/>\n\t\t<meta property=\"og:image:secure_url\" content=\"https:\/\/mvandenoever.nl\/wp-content\/uploads\/2022\/05\/6373_Oever_logo_NEW.png\" \/>\n\t\t<meta property=\"article:published_time\" content=\"2022-11-03T07:34:06+00:00\" \/>\n\t\t<meta property=\"article:modified_time\" content=\"2022-11-03T07:34:06+00:00\" \/>\n\t\t<meta name=\"twitter:card\" content=\"summary_large_image\" \/>\n\t\t<meta name=\"twitter:title\" content=\"Quercus palustris | Sumpfeiche - Boomkwekerijen M. van den Oever &amp; Zonen\" \/>\n\t\t<meta name=\"twitter:description\" content=\"Die Sumpfeiche ist ein Baum, der ziemlich schnell w\u00e4chst. Der Baum ist leicht an seinen tief eingeschnittenen Bl\u00e4ttern zu erkennen, die sich im Herbst leuchtend rotbraun f\u00e4rben. Ein besonderes Merkmal sind die waagerecht aufrecht stehenden \u00c4ste, die dem Baum eine breite pyramidenf\u00f6rmige Krone verleihen.\" \/>\n\t\t<meta name=\"twitter:image\" content=\"https:\/\/mvandenoever.nl\/wp-content\/uploads\/2022\/05\/6373_Oever_logo_NEW.png\" \/>\n\t\t<script type=\"application\/ld+json\" class=\"aioseo-schema\">\n\t\t\t{\"@context\":\"https:\\\/\\\/schema.org\",\"@graph\":[{\"@type\":\"BreadcrumbList\",\"@id\":\"https:\\\/\\\/mvandenoever.nl\\\/de\\\/produkt\\\/sumpf-eiche-quercus-palustris\\\/#breadcrumblist\",\"itemListElement\":[{\"@type\":\"ListItem\",\"@id\":\"https:\\\/\\\/mvandenoever.nl\\\/de\\\/#listItem\",\"position\":1,\"name\":\"Home\",\"item\":\"https:\\\/\\\/mvandenoever.nl\\\/de\\\/\",\"nextItem\":{\"@type\":\"ListItem\",\"@id\":\"https:\\\/\\\/mvandenoever.nl\\\/assortiment\\\/#listItem\",\"name\":\"Assortiment\"}},{\"@type\":\"ListItem\",\"@id\":\"https:\\\/\\\/mvandenoever.nl\\\/assortiment\\\/#listItem\",\"position\":2,\"name\":\"Assortiment\",\"item\":\"https:\\\/\\\/mvandenoever.nl\\\/assortiment\\\/\",\"nextItem\":{\"@type\":\"ListItem\",\"@id\":\"https:\\\/\\\/mvandenoever.nl\\\/de\\\/produkt-kategorie\\\/strasen\\\/#listItem\",\"name\":\"Stra\\u00dfen\"},\"previousItem\":{\"@type\":\"ListItem\",\"@id\":\"https:\\\/\\\/mvandenoever.nl\\\/de\\\/#listItem\",\"name\":\"Home\"}},{\"@type\":\"ListItem\",\"@id\":\"https:\\\/\\\/mvandenoever.nl\\\/de\\\/produkt-kategorie\\\/strasen\\\/#listItem\",\"position\":3,\"name\":\"Stra\\u00dfen\",\"item\":\"https:\\\/\\\/mvandenoever.nl\\\/de\\\/produkt-kategorie\\\/strasen\\\/\",\"nextItem\":{\"@type\":\"ListItem\",\"@id\":\"https:\\\/\\\/mvandenoever.nl\\\/de\\\/produkt\\\/sumpf-eiche-quercus-palustris\\\/#listItem\",\"name\":\"Quercus palustris | Sumpfeiche\"},\"previousItem\":{\"@type\":\"ListItem\",\"@id\":\"https:\\\/\\\/mvandenoever.nl\\\/assortiment\\\/#listItem\",\"name\":\"Assortiment\"}},{\"@type\":\"ListItem\",\"@id\":\"https:\\\/\\\/mvandenoever.nl\\\/de\\\/produkt\\\/sumpf-eiche-quercus-palustris\\\/#listItem\",\"position\":4,\"name\":\"Quercus palustris | Sumpfeiche\",\"previousItem\":{\"@type\":\"ListItem\",\"@id\":\"https:\\\/\\\/mvandenoever.nl\\\/de\\\/produkt-kategorie\\\/strasen\\\/#listItem\",\"name\":\"Stra\\u00dfen\"}}]},{\"@type\":\"Organization\",\"@id\":\"https:\\\/\\\/mvandenoever.nl\\\/de\\\/#organization\",\"name\":\"Boomkwekerijen M. van den Oever & Zonen\",\"description\":\"Leefwereldverbeteraars\",\"url\":\"https:\\\/\\\/mvandenoever.nl\\\/de\\\/\",\"logo\":{\"@type\":\"ImageObject\",\"url\":\"https:\\\/\\\/mvandenoever.nl\\\/wp-content\\\/uploads\\\/2022\\\/05\\\/6373_Oever_logo_NEW.png\",\"@id\":\"https:\\\/\\\/mvandenoever.nl\\\/de\\\/produkt\\\/sumpf-eiche-quercus-palustris\\\/#organizationLogo\",\"width\":850,\"height\":474},\"image\":{\"@id\":\"https:\\\/\\\/mvandenoever.nl\\\/de\\\/produkt\\\/sumpf-eiche-quercus-palustris\\\/#organizationLogo\"}},{\"@type\":\"WebPage\",\"@id\":\"https:\\\/\\\/mvandenoever.nl\\\/de\\\/produkt\\\/sumpf-eiche-quercus-palustris\\\/#webpage\",\"url\":\"https:\\\/\\\/mvandenoever.nl\\\/de\\\/produkt\\\/sumpf-eiche-quercus-palustris\\\/\",\"name\":\"Quercus palustris | Sumpfeiche - Boomkwekerijen M. van den Oever & Zonen\",\"description\":\"Die Sumpfeiche ist ein Baum, der ziemlich schnell w\\u00e4chst. Der Baum ist leicht an seinen tief eingeschnittenen Bl\\u00e4ttern zu erkennen, die sich im Herbst leuchtend rotbraun f\\u00e4rben. Ein besonderes Merkmal sind die waagerecht aufrecht stehenden \\u00c4ste, die dem Baum eine breite pyramidenf\\u00f6rmige Krone verleihen.\",\"inLanguage\":\"de-DE\",\"isPartOf\":{\"@id\":\"https:\\\/\\\/mvandenoever.nl\\\/de\\\/#website\"},\"breadcrumb\":{\"@id\":\"https:\\\/\\\/mvandenoever.nl\\\/de\\\/produkt\\\/sumpf-eiche-quercus-palustris\\\/#breadcrumblist\"},\"image\":{\"@type\":\"ImageObject\",\"url\":\"https:\\\/\\\/mvandenoever.nl\\\/wp-content\\\/uploads\\\/2022\\\/05\\\/quercus-palustris.jpg\",\"@id\":\"https:\\\/\\\/mvandenoever.nl\\\/de\\\/produkt\\\/sumpf-eiche-quercus-palustris\\\/#mainImage\",\"width\":1350,\"height\":1800},\"primaryImageOfPage\":{\"@id\":\"https:\\\/\\\/mvandenoever.nl\\\/de\\\/produkt\\\/sumpf-eiche-quercus-palustris\\\/#mainImage\"},\"datePublished\":\"2022-11-03T08:34:06+01:00\",\"dateModified\":\"2022-11-03T08:34:06+01:00\"},{\"@type\":\"WebSite\",\"@id\":\"https:\\\/\\\/mvandenoever.nl\\\/de\\\/#website\",\"url\":\"https:\\\/\\\/mvandenoever.nl\\\/de\\\/\",\"name\":\"Boomkwekerijen M. van den Oever & Zonen\",\"description\":\"Leefwereldverbeteraars\",\"inLanguage\":\"de-DE\",\"publisher\":{\"@id\":\"https:\\\/\\\/mvandenoever.nl\\\/de\\\/#organization\"}}]}\n\t\t<\/script>\n\t\t<!-- All in One SEO -->\n\n","aioseo_head_json":{"title":"Quercus palustris | Sumpfeiche - Boomkwekerijen M. van den Oever & Zonen","description":"Die Sumpfeiche ist ein Baum, der ziemlich schnell w\u00e4chst. Der Baum ist leicht an seinen tief eingeschnittenen Bl\u00e4ttern zu erkennen, die sich im Herbst leuchtend rotbraun f\u00e4rben. Ein besonderes Merkmal sind die waagerecht aufrecht stehenden \u00c4ste, die dem Baum eine breite pyramidenf\u00f6rmige Krone verleihen.","canonical_url":"https:\/\/mvandenoever.nl\/de\/produkt\/sumpf-eiche-quercus-palustris\/","robots":"max-image-preview:large","keywords":"","webmasterTools":{"miscellaneous":""},"schema":{"@context":"https:\/\/schema.org","@graph":[{"@type":"BreadcrumbList","@id":"https:\/\/mvandenoever.nl\/de\/produkt\/sumpf-eiche-quercus-palustris\/#breadcrumblist","itemListElement":[{"@type":"ListItem","@id":"https:\/\/mvandenoever.nl\/de\/#listItem","position":1,"name":"Home","item":"https:\/\/mvandenoever.nl\/de\/","nextItem":{"@type":"ListItem","@id":"https:\/\/mvandenoever.nl\/assortiment\/#listItem","name":"Assortiment"}},{"@type":"ListItem","@id":"https:\/\/mvandenoever.nl\/assortiment\/#listItem","position":2,"name":"Assortiment","item":"https:\/\/mvandenoever.nl\/assortiment\/","nextItem":{"@type":"ListItem","@id":"https:\/\/mvandenoever.nl\/de\/produkt-kategorie\/strasen\/#listItem","name":"Stra\u00dfen"},"previousItem":{"@type":"ListItem","@id":"https:\/\/mvandenoever.nl\/de\/#listItem","name":"Home"}},{"@type":"ListItem","@id":"https:\/\/mvandenoever.nl\/de\/produkt-kategorie\/strasen\/#listItem","position":3,"name":"Stra\u00dfen","item":"https:\/\/mvandenoever.nl\/de\/produkt-kategorie\/strasen\/","nextItem":{"@type":"ListItem","@id":"https:\/\/mvandenoever.nl\/de\/produkt\/sumpf-eiche-quercus-palustris\/#listItem","name":"Quercus palustris | Sumpfeiche"},"previousItem":{"@type":"ListItem","@id":"https:\/\/mvandenoever.nl\/assortiment\/#listItem","name":"Assortiment"}},{"@type":"ListItem","@id":"https:\/\/mvandenoever.nl\/de\/produkt\/sumpf-eiche-quercus-palustris\/#listItem","position":4,"name":"Quercus palustris | Sumpfeiche","previousItem":{"@type":"ListItem","@id":"https:\/\/mvandenoever.nl\/de\/produkt-kategorie\/strasen\/#listItem","name":"Stra\u00dfen"}}]},{"@type":"Organization","@id":"https:\/\/mvandenoever.nl\/de\/#organization","name":"Boomkwekerijen M. van den Oever & Zonen","description":"Leefwereldverbeteraars","url":"https:\/\/mvandenoever.nl\/de\/","logo":{"@type":"ImageObject","url":"https:\/\/mvandenoever.nl\/wp-content\/uploads\/2022\/05\/6373_Oever_logo_NEW.png","@id":"https:\/\/mvandenoever.nl\/de\/produkt\/sumpf-eiche-quercus-palustris\/#organizationLogo","width":850,"height":474},"image":{"@id":"https:\/\/mvandenoever.nl\/de\/produkt\/sumpf-eiche-quercus-palustris\/#organizationLogo"}},{"@type":"WebPage","@id":"https:\/\/mvandenoever.nl\/de\/produkt\/sumpf-eiche-quercus-palustris\/#webpage","url":"https:\/\/mvandenoever.nl\/de\/produkt\/sumpf-eiche-quercus-palustris\/","name":"Quercus palustris | Sumpfeiche - Boomkwekerijen M. van den Oever & Zonen","description":"Die Sumpfeiche ist ein Baum, der ziemlich schnell w\u00e4chst. Der Baum ist leicht an seinen tief eingeschnittenen Bl\u00e4ttern zu erkennen, die sich im Herbst leuchtend rotbraun f\u00e4rben. Ein besonderes Merkmal sind die waagerecht aufrecht stehenden \u00c4ste, die dem Baum eine breite pyramidenf\u00f6rmige Krone verleihen.","inLanguage":"de-DE","isPartOf":{"@id":"https:\/\/mvandenoever.nl\/de\/#website"},"breadcrumb":{"@id":"https:\/\/mvandenoever.nl\/de\/produkt\/sumpf-eiche-quercus-palustris\/#breadcrumblist"},"image":{"@type":"ImageObject","url":"https:\/\/mvandenoever.nl\/wp-content\/uploads\/2022\/05\/quercus-palustris.jpg","@id":"https:\/\/mvandenoever.nl\/de\/produkt\/sumpf-eiche-quercus-palustris\/#mainImage","width":1350,"height":1800},"primaryImageOfPage":{"@id":"https:\/\/mvandenoever.nl\/de\/produkt\/sumpf-eiche-quercus-palustris\/#mainImage"},"datePublished":"2022-11-03T08:34:06+01:00","dateModified":"2022-11-03T08:34:06+01:00"},{"@type":"WebSite","@id":"https:\/\/mvandenoever.nl\/de\/#website","url":"https:\/\/mvandenoever.nl\/de\/","name":"Boomkwekerijen M. van den Oever & Zonen","description":"Leefwereldverbeteraars","inLanguage":"de-DE","publisher":{"@id":"https:\/\/mvandenoever.nl\/de\/#organization"}}]},"og:locale":"de_DE","og:site_name":"Boomkwekerijen M. van den Oever &amp; Zonen","og:type":"article","og:title":"Quercus palustris | Sumpfeiche - Boomkwekerijen M. van den Oever &amp; Zonen","og:description":"Die Sumpfeiche ist ein Baum, der ziemlich schnell w\u00e4chst. Der Baum ist leicht an seinen tief eingeschnittenen Bl\u00e4ttern zu erkennen, die sich im Herbst leuchtend rotbraun f\u00e4rben. Ein besonderes Merkmal sind die waagerecht aufrecht stehenden \u00c4ste, die dem Baum eine breite pyramidenf\u00f6rmige Krone verleihen.","og:url":"https:\/\/mvandenoever.nl\/de\/produkt\/sumpf-eiche-quercus-palustris\/","og:image":"https:\/\/mvandenoever.nl\/wp-content\/uploads\/2022\/05\/6373_Oever_logo_NEW.png","og:image:secure_url":"https:\/\/mvandenoever.nl\/wp-content\/uploads\/2022\/05\/6373_Oever_logo_NEW.png","article:published_time":"2022-11-03T07:34:06+00:00","article:modified_time":"2022-11-03T07:34:06+00:00","twitter:card":"summary_large_image","twitter:title":"Quercus palustris | Sumpfeiche - Boomkwekerijen M. van den Oever &amp; Zonen","twitter:description":"Die Sumpfeiche ist ein Baum, der ziemlich schnell w\u00e4chst. Der Baum ist leicht an seinen tief eingeschnittenen Bl\u00e4ttern zu erkennen, die sich im Herbst leuchtend rotbraun f\u00e4rben. Ein besonderes Merkmal sind die waagerecht aufrecht stehenden \u00c4ste, die dem Baum eine breite pyramidenf\u00f6rmige Krone verleihen.","twitter:image":"https:\/\/mvandenoever.nl\/wp-content\/uploads\/2022\/05\/6373_Oever_logo_NEW.png"},"aioseo_meta_data":{"post_id":"22044","title":null,"description":null,"keywords":[],"keyphrases":{"focus":{"keyphrase":"","score":0,"analysis":{"keyphraseInTitle":{"score":0,"maxScore":9,"error":1}}},"additional":[]},"primary_term":null,"canonical_url":null,"og_title":null,"og_description":null,"og_object_type":"default","og_image_type":"default","og_image_url":null,"og_image_width":null,"og_image_height":null,"og_image_custom_url":null,"og_image_custom_fields":null,"og_video":"","og_custom_url":null,"og_article_section":null,"og_article_tags":[],"twitter_use_og":false,"twitter_card":"default","twitter_image_type":"default","twitter_image_url":null,"twitter_image_custom_url":null,"twitter_image_custom_fields":null,"twitter_title":null,"twitter_description":null,"schema":{"blockGraphs":[],"customGraphs":[],"default":{"data":{"Article":[],"Course":[],"Dataset":[],"FAQPage":[],"Movie":[],"Person":[],"Product":[],"ProductReview":[],"Car":[],"Recipe":[],"Service":[],"SoftwareApplication":[],"WebPage":[]},"graphName":"WebPage","isEnabled":true},"graphs":[]},"schema_type":"default","schema_type_options":null,"pillar_content":false,"robots_default":true,"robots_noindex":false,"robots_noarchive":false,"robots_nosnippet":false,"robots_nofollow":false,"robots_noimageindex":false,"robots_noodp":false,"robots_notranslate":false,"robots_max_snippet":"-1","robots_max_videopreview":"-1","robots_max_imagepreview":"large","priority":null,"frequency":"default","local_seo":null,"breadcrumb_settings":null,"limit_modified_date":false,"ai":null,"created":"2023-01-30 13:08:12","updated":"2023-01-30 13:08:12","seo_analyzer_scan_date":null,"focus_keyword":null,"additional_keywords":null,"truseo_locale":null},"aioseo_breadcrumb":"<div class=\"aioseo-breadcrumbs\"><span class=\"aioseo-breadcrumb\">\n\t\t\t<a href=\"https:\/\/mvandenoever.nl\/de\/\" title=\"Home\">Home<\/a>\n\t\t<\/span><span class=\"aioseo-breadcrumb-separator\">&raquo;<\/span><span class=\"aioseo-breadcrumb\">\n\t\t\t<a href=\"https:\/\/mvandenoever.nl\/assortiment\/\" title=\"Assortiment\">Assortiment<\/a>\n\t\t<\/span><span class=\"aioseo-breadcrumb-separator\">&raquo;<\/span><span class=\"aioseo-breadcrumb\">\n\t\t\t<a href=\"https:\/\/mvandenoever.nl\/de\/produkt-kategorie\/strasen\/\" title=\"Stra\u00dfen\">Stra\u00dfen<\/a>\n\t\t<\/span><span class=\"aioseo-breadcrumb-separator\">&raquo;<\/span><span class=\"aioseo-breadcrumb\">\n\t\t\tQuercus palustris | Sumpfeiche\n\t\t<\/span><\/div>","aioseo_breadcrumb_json":[{"label":"Home","link":"https:\/\/mvandenoever.nl\/de\/"},{"label":"Assortiment","link":"https:\/\/mvandenoever.nl\/assortiment\/"},{"label":"Stra\u00dfen","link":"https:\/\/mvandenoever.nl\/de\/produkt-kategorie\/strasen\/"},{"label":"Quercus palustris | Sumpfeiche","link":"https:\/\/mvandenoever.nl\/de\/produkt\/sumpf-eiche-quercus-palustris\/"}],"yoast_head":"<!-- This site is optimized with the Yoast SEO plugin v28.4 - https:\/\/yoast.com\/product\/yoast-seo-wordpress\/ -->\n<title>Quercus palustris | Sumpfeiche - Boomkwekerijen M. van den Oever &amp; Zonen<\/title>\n<meta name=\"robots\" content=\"index, follow, max-snippet:-1, max-image-preview:large, max-video-preview:-1\" \/>\n<link rel=\"canonical\" href=\"https:\/\/mvandenoever.nl\/de\/produkt\/sumpf-eiche-quercus-palustris\/\" \/>\n<meta property=\"og:locale\" content=\"de_DE\" \/>\n<meta property=\"og:type\" content=\"article\" \/>\n<meta property=\"og:title\" content=\"Quercus palustris | Sumpfeiche - Boomkwekerijen M. van den Oever &amp; Zonen\" \/>\n<meta property=\"og:description\" content=\"Die Sumpfeiche ist ein Baum, der ziemlich schnell w\u00e4chst. Der Baum ist leicht an seinen tief eingeschnittenen Bl\u00e4ttern zu erkennen, die sich im Herbst leuchtend rotbraun f\u00e4rben. Ein besonderes Merkmal sind die waagerecht aufrecht stehenden \u00c4ste, die dem Baum eine breite pyramidenf\u00f6rmige Krone verleihen.\" \/>\n<meta property=\"og:url\" content=\"https:\/\/mvandenoever.nl\/de\/produkt\/sumpf-eiche-quercus-palustris\/\" \/>\n<meta property=\"og:site_name\" content=\"Boomkwekerijen M. van den Oever &amp; Zonen\" \/>\n<meta property=\"og:image\" content=\"https:\/\/mvandenoever.nl\/wp-content\/uploads\/2022\/05\/quercus-palustris.jpg\" \/>\n\t<meta property=\"og:image:width\" content=\"1350\" \/>\n\t<meta property=\"og:image:height\" content=\"1800\" \/>\n\t<meta property=\"og:image:type\" content=\"image\/jpeg\" \/>\n<meta name=\"twitter:card\" content=\"summary_large_image\" \/>\n<script type=\"application\/ld+json\" class=\"yoast-schema-graph\">{\"@context\":\"https:\\\/\\\/schema.org\",\"@graph\":[{\"@type\":\"WebPage\",\"@id\":\"https:\\\/\\\/mvandenoever.nl\\\/de\\\/produkt\\\/sumpf-eiche-quercus-palustris\\\/\",\"url\":\"https:\\\/\\\/mvandenoever.nl\\\/de\\\/produkt\\\/sumpf-eiche-quercus-palustris\\\/\",\"name\":\"Quercus palustris | Sumpfeiche - Boomkwekerijen M. van den Oever &amp; Zonen\",\"isPartOf\":{\"@id\":\"https:\\\/\\\/mvandenoever.nl\\\/de\\\/#website\"},\"primaryImageOfPage\":{\"@id\":\"https:\\\/\\\/mvandenoever.nl\\\/de\\\/produkt\\\/sumpf-eiche-quercus-palustris\\\/#primaryimage\"},\"image\":{\"@id\":\"https:\\\/\\\/mvandenoever.nl\\\/de\\\/produkt\\\/sumpf-eiche-quercus-palustris\\\/#primaryimage\"},\"thumbnailUrl\":\"https:\\\/\\\/mvandenoever.nl\\\/wp-content\\\/uploads\\\/2022\\\/05\\\/quercus-palustris.jpg\",\"datePublished\":\"2022-11-03T07:34:06+00:00\",\"breadcrumb\":{\"@id\":\"https:\\\/\\\/mvandenoever.nl\\\/de\\\/produkt\\\/sumpf-eiche-quercus-palustris\\\/#breadcrumb\"},\"inLanguage\":\"de\",\"potentialAction\":[{\"@type\":\"ReadAction\",\"target\":[\"https:\\\/\\\/mvandenoever.nl\\\/de\\\/produkt\\\/sumpf-eiche-quercus-palustris\\\/\"]}]},{\"@type\":\"ImageObject\",\"inLanguage\":\"de\",\"@id\":\"https:\\\/\\\/mvandenoever.nl\\\/de\\\/produkt\\\/sumpf-eiche-quercus-palustris\\\/#primaryimage\",\"url\":\"https:\\\/\\\/mvandenoever.nl\\\/wp-content\\\/uploads\\\/2022\\\/05\\\/quercus-palustris.jpg\",\"contentUrl\":\"https:\\\/\\\/mvandenoever.nl\\\/wp-content\\\/uploads\\\/2022\\\/05\\\/quercus-palustris.jpg\",\"width\":1350,\"height\":1800},{\"@type\":\"BreadcrumbList\",\"@id\":\"https:\\\/\\\/mvandenoever.nl\\\/de\\\/produkt\\\/sumpf-eiche-quercus-palustris\\\/#breadcrumb\",\"itemListElement\":[{\"@type\":\"ListItem\",\"position\":1,\"name\":\"Home\",\"item\":\"https:\\\/\\\/mvandenoever.nl\\\/de\\\/startseite\\\/\"},{\"@type\":\"ListItem\",\"position\":2,\"name\":\"Assortiment\",\"item\":\"https:\\\/\\\/mvandenoever.nl\\\/assortiment\\\/\"},{\"@type\":\"ListItem\",\"position\":3,\"name\":\"Quercus palustris | Sumpfeiche\"}]},{\"@type\":\"WebSite\",\"@id\":\"https:\\\/\\\/mvandenoever.nl\\\/de\\\/#website\",\"url\":\"https:\\\/\\\/mvandenoever.nl\\\/de\\\/\",\"name\":\"Boomkwekerijen M. van den Oever &amp; Zonen\",\"description\":\"Leefwereldverbeteraars\",\"publisher\":{\"@id\":\"https:\\\/\\\/mvandenoever.nl\\\/de\\\/#organization\"},\"potentialAction\":[{\"@type\":\"SearchAction\",\"target\":{\"@type\":\"EntryPoint\",\"urlTemplate\":\"https:\\\/\\\/mvandenoever.nl\\\/de\\\/?s={search_term_string}\"},\"query-input\":{\"@type\":\"PropertyValueSpecification\",\"valueRequired\":true,\"valueName\":\"search_term_string\"}}],\"inLanguage\":\"de\"},{\"@type\":\"Organization\",\"@id\":\"https:\\\/\\\/mvandenoever.nl\\\/de\\\/#organization\",\"name\":\"Boomkwekerijen M. van den Oever &amp; Zonen\",\"url\":\"https:\\\/\\\/mvandenoever.nl\\\/de\\\/\",\"logo\":{\"@type\":\"ImageObject\",\"inLanguage\":\"de\",\"@id\":\"https:\\\/\\\/mvandenoever.nl\\\/de\\\/#\\\/schema\\\/logo\\\/image\\\/\",\"url\":\"https:\\\/\\\/mvandenoever.nl\\\/wp-content\\\/uploads\\\/2022\\\/05\\\/6373_Oever_logo_NEW.png\",\"contentUrl\":\"https:\\\/\\\/mvandenoever.nl\\\/wp-content\\\/uploads\\\/2022\\\/05\\\/6373_Oever_logo_NEW.png\",\"width\":850,\"height\":474,\"caption\":\"Boomkwekerijen M. van den Oever &amp; Zonen\"},\"image\":{\"@id\":\"https:\\\/\\\/mvandenoever.nl\\\/de\\\/#\\\/schema\\\/logo\\\/image\\\/\"}}]}<\/script>\n<!-- \/ Yoast SEO plugin. -->","yoast_head_json":{"title":"Quercus palustris | Sumpfeiche - Boomkwekerijen M. van den Oever &amp; Zonen","robots":{"index":"index","follow":"follow","max-snippet":"max-snippet:-1","max-image-preview":"max-image-preview:large","max-video-preview":"max-video-preview:-1"},"canonical":"https:\/\/mvandenoever.nl\/de\/produkt\/sumpf-eiche-quercus-palustris\/","og_locale":"de_DE","og_type":"article","og_title":"Quercus palustris | Sumpfeiche - Boomkwekerijen M. van den Oever &amp; Zonen","og_description":"Die Sumpfeiche ist ein Baum, der ziemlich schnell w\u00e4chst. Der Baum ist leicht an seinen tief eingeschnittenen Bl\u00e4ttern zu erkennen, die sich im Herbst leuchtend rotbraun f\u00e4rben. Ein besonderes Merkmal sind die waagerecht aufrecht stehenden \u00c4ste, die dem Baum eine breite pyramidenf\u00f6rmige Krone verleihen.","og_url":"https:\/\/mvandenoever.nl\/de\/produkt\/sumpf-eiche-quercus-palustris\/","og_site_name":"Boomkwekerijen M. van den Oever &amp; Zonen","og_image":[{"width":1350,"height":1800,"url":"https:\/\/mvandenoever.nl\/wp-content\/uploads\/2022\/05\/quercus-palustris.jpg","type":"image\/jpeg"}],"twitter_card":"summary_large_image","schema":{"@context":"https:\/\/schema.org","@graph":[{"@type":"WebPage","@id":"https:\/\/mvandenoever.nl\/de\/produkt\/sumpf-eiche-quercus-palustris\/","url":"https:\/\/mvandenoever.nl\/de\/produkt\/sumpf-eiche-quercus-palustris\/","name":"Quercus palustris | Sumpfeiche - Boomkwekerijen M. van den Oever &amp; Zonen","isPartOf":{"@id":"https:\/\/mvandenoever.nl\/de\/#website"},"primaryImageOfPage":{"@id":"https:\/\/mvandenoever.nl\/de\/produkt\/sumpf-eiche-quercus-palustris\/#primaryimage"},"image":{"@id":"https:\/\/mvandenoever.nl\/de\/produkt\/sumpf-eiche-quercus-palustris\/#primaryimage"},"thumbnailUrl":"https:\/\/mvandenoever.nl\/wp-content\/uploads\/2022\/05\/quercus-palustris.jpg","datePublished":"2022-11-03T07:34:06+00:00","breadcrumb":{"@id":"https:\/\/mvandenoever.nl\/de\/produkt\/sumpf-eiche-quercus-palustris\/#breadcrumb"},"inLanguage":"de","potentialAction":[{"@type":"ReadAction","target":["https:\/\/mvandenoever.nl\/de\/produkt\/sumpf-eiche-quercus-palustris\/"]}]},{"@type":"ImageObject","inLanguage":"de","@id":"https:\/\/mvandenoever.nl\/de\/produkt\/sumpf-eiche-quercus-palustris\/#primaryimage","url":"https:\/\/mvandenoever.nl\/wp-content\/uploads\/2022\/05\/quercus-palustris.jpg","contentUrl":"https:\/\/mvandenoever.nl\/wp-content\/uploads\/2022\/05\/quercus-palustris.jpg","width":1350,"height":1800},{"@type":"BreadcrumbList","@id":"https:\/\/mvandenoever.nl\/de\/produkt\/sumpf-eiche-quercus-palustris\/#breadcrumb","itemListElement":[{"@type":"ListItem","position":1,"name":"Home","item":"https:\/\/mvandenoever.nl\/de\/startseite\/"},{"@type":"ListItem","position":2,"name":"Assortiment","item":"https:\/\/mvandenoever.nl\/assortiment\/"},{"@type":"ListItem","position":3,"name":"Quercus palustris | Sumpfeiche"}]},{"@type":"WebSite","@id":"https:\/\/mvandenoever.nl\/de\/#website","url":"https:\/\/mvandenoever.nl\/de\/","name":"Boomkwekerijen M. van den Oever &amp; Zonen","description":"Leefwereldverbeteraars","publisher":{"@id":"https:\/\/mvandenoever.nl\/de\/#organization"},"potentialAction":[{"@type":"SearchAction","target":{"@type":"EntryPoint","urlTemplate":"https:\/\/mvandenoever.nl\/de\/?s={search_term_string}"},"query-input":{"@type":"PropertyValueSpecification","valueRequired":true,"valueName":"search_term_string"}}],"inLanguage":"de"},{"@type":"Organization","@id":"https:\/\/mvandenoever.nl\/de\/#organization","name":"Boomkwekerijen M. van den Oever &amp; Zonen","url":"https:\/\/mvandenoever.nl\/de\/","logo":{"@type":"ImageObject","inLanguage":"de","@id":"https:\/\/mvandenoever.nl\/de\/#\/schema\/logo\/image\/","url":"https:\/\/mvandenoever.nl\/wp-content\/uploads\/2022\/05\/6373_Oever_logo_NEW.png","contentUrl":"https:\/\/mvandenoever.nl\/wp-content\/uploads\/2022\/05\/6373_Oever_logo_NEW.png","width":850,"height":474,"caption":"Boomkwekerijen M. van den Oever &amp; Zonen"},"image":{"@id":"https:\/\/mvandenoever.nl\/de\/#\/schema\/logo\/image\/"}}]}},"_links":{"self":[{"href":"https:\/\/mvandenoever.nl\/de\/wp-json\/wp\/v2\/product\/22044","targetHints":{"allow":["GET"]}}],"collection":[{"href":"https:\/\/mvandenoever.nl\/de\/wp-json\/wp\/v2\/product"}],"about":[{"href":"https:\/\/mvandenoever.nl\/de\/wp-json\/wp\/v2\/types\/product"}],"wp:featuredmedia":[{"embeddable":true,"href":"https:\/\/mvandenoever.nl\/de\/wp-json\/wp\/v2\/media\/19136"}],"wp:attachment":[{"href":"https:\/\/mvandenoever.nl\/de\/wp-json\/wp\/v2\/media?parent=22044"}],"wp:term":[{"taxonomy":"product_brand","embeddable":true,"href":"https:\/\/mvandenoever.nl\/de\/wp-json\/wp\/v2\/product_brand?post=22044"},{"taxonomy":"product_cat","embeddable":true,"href":"https:\/\/mvandenoever.nl\/de\/wp-json\/wp\/v2\/product_cat?post=22044"},{"taxonomy":"product_tag","embeddable":true,"href":"https:\/\/mvandenoever.nl\/de\/wp-json\/wp\/v2\/product_tag?post=22044"}],"curies":[{"name":"wp","href":"https:\/\/api.w.org\/{rel}","templated":true}]}}