{"id":21741,"date":"2022-11-03T08:32:53","date_gmt":"2022-11-03T07:32:53","guid":{"rendered":"https:\/\/mvandenoever.nl\/product\/acer-rubrum-autumn-flame-erable-rouge\/"},"modified":"2022-11-03T08:32:53","modified_gmt":"2022-11-03T07:32:53","slug":"acer-rubrum-autumn-flame-erable-rouge","status":"publish","type":"product","link":"https:\/\/mvandenoever.nl\/fr\/produit\/acer-rubrum-autumn-flame-erable-rouge\/","title":{"rendered":"Acer rubrum &lsquo;Autumn Flame&rsquo; | \u00c9rable rouge"},"content":{"rendered":"<p>Ce cultivar \u00e0 croissance lente est \u00e9galement appel\u00e9 \u00e9rable rouge aux Pays-Bas. Un v\u00e9ritable arbre d&rsquo;ornement qui convient aux rues, parcs, jardins et espaces verts. Avec une belle coloration automnale rouge vif et profond.  <\/p>\n","protected":false},"excerpt":{"rendered":"<p>Ce cultivar \u00e0 croissance lente est \u00e9galement appel\u00e9 \u00e9rable rouge aux Pays-Bas. Un v\u00e9ritable arbre d&rsquo;ornement qui convient aux rues, parcs, jardins et espaces verts. Avec une belle coloration automnale rouge vif et profond.  <\/p>\n","protected":false},"featured_media":18355,"template":"","meta":[],"product_brand":[],"product_cat":[1666,1608,3296,1606,1664,1607],"product_tag":[],"class_list":["post-21741","product","type-product","status-publish","has-post-thumbnail","product_cat-arbres-de-jardin-de-parc-et-davenue","product_cat-grands-jardins","product_cat-parcs-de-loisirs","product_cat-places-et-parcs","product_cat-rues","product_cat-solitaire","first","instock","taxable","shipping-taxable","product-type-variable"],"aioseo_notices":[],"aioseo_head":"\n\t\t<!-- All in One SEO 5.0.1.1 - aioseo.com -->\n\t<meta name=\"description\" content=\"Ce cultivar \u00e0 croissance lente est \u00e9galement appel\u00e9 \u00e9rable rouge aux Pays-Bas. Un v\u00e9ritable arbre d&#039;ornement qui convient aux rues, parcs, jardins et espaces verts. Avec une belle coloration automnale rouge vif et profond.\" \/>\n\t<meta name=\"robots\" content=\"max-image-preview:large\" \/>\n\t<link rel=\"canonical\" href=\"https:\/\/mvandenoever.nl\/fr\/produit\/acer-rubrum-autumn-flame-erable-rouge\/\" \/>\n\t<meta name=\"generator\" content=\"All in One SEO (AIOSEO) 5.0.1.1\" \/>\n\t\t<meta property=\"og:locale\" content=\"fr_FR\" \/>\n\t\t<meta property=\"og:site_name\" content=\"Boomkwekerijen M. van den Oever &amp; Zonen\" \/>\n\t\t<meta property=\"og:type\" content=\"article\" \/>\n\t\t<meta property=\"og:title\" content=\"Acer rubrum \u2018Autumn Flame\u2019 | \u00c9rable rouge - Boomkwekerijen M. van den Oever &amp; Zonen\" \/>\n\t\t<meta property=\"og:description\" content=\"Ce cultivar \u00e0 croissance lente est \u00e9galement appel\u00e9 \u00e9rable rouge aux Pays-Bas. Un v\u00e9ritable arbre d&#039;ornement qui convient aux rues, parcs, jardins et espaces verts. Avec une belle coloration automnale rouge vif et profond.\" \/>\n\t\t<meta property=\"og:url\" content=\"https:\/\/mvandenoever.nl\/fr\/produit\/acer-rubrum-autumn-flame-erable-rouge\/\" \/>\n\t\t<meta property=\"og:image\" content=\"https:\/\/mvandenoever.nl\/wp-content\/uploads\/2022\/05\/6373_Oever_logo_NEW.png\" \/>\n\t\t<meta property=\"og:image:secure_url\" content=\"https:\/\/mvandenoever.nl\/wp-content\/uploads\/2022\/05\/6373_Oever_logo_NEW.png\" \/>\n\t\t<meta property=\"article:published_time\" content=\"2022-11-03T07:32:53+00:00\" \/>\n\t\t<meta property=\"article:modified_time\" content=\"2022-11-03T07:32:53+00:00\" \/>\n\t\t<meta name=\"twitter:card\" content=\"summary_large_image\" \/>\n\t\t<meta name=\"twitter:title\" content=\"Acer rubrum \u2018Autumn Flame\u2019 | \u00c9rable rouge - Boomkwekerijen M. van den Oever &amp; Zonen\" \/>\n\t\t<meta name=\"twitter:description\" content=\"Ce cultivar \u00e0 croissance lente est \u00e9galement appel\u00e9 \u00e9rable rouge aux Pays-Bas. Un v\u00e9ritable arbre d&#039;ornement qui convient aux rues, parcs, jardins et espaces verts. Avec une belle coloration automnale rouge vif et profond.\" \/>\n\t\t<meta name=\"twitter:image\" content=\"https:\/\/mvandenoever.nl\/wp-content\/uploads\/2022\/05\/6373_Oever_logo_NEW.png\" \/>\n\t\t<script type=\"application\/ld+json\" class=\"aioseo-schema\">\n\t\t\t{\"@context\":\"https:\\\/\\\/schema.org\",\"@graph\":[{\"@type\":\"BreadcrumbList\",\"@id\":\"https:\\\/\\\/mvandenoever.nl\\\/fr\\\/produit\\\/acer-rubrum-autumn-flame-erable-rouge\\\/#breadcrumblist\",\"itemListElement\":[{\"@type\":\"ListItem\",\"@id\":\"https:\\\/\\\/mvandenoever.nl\\\/fr\\\/#listItem\",\"position\":1,\"name\":\"Home\",\"item\":\"https:\\\/\\\/mvandenoever.nl\\\/fr\\\/\",\"nextItem\":{\"@type\":\"ListItem\",\"@id\":\"https:\\\/\\\/mvandenoever.nl\\\/assortiment\\\/#listItem\",\"name\":\"Assortiment\"}},{\"@type\":\"ListItem\",\"@id\":\"https:\\\/\\\/mvandenoever.nl\\\/assortiment\\\/#listItem\",\"position\":2,\"name\":\"Assortiment\",\"item\":\"https:\\\/\\\/mvandenoever.nl\\\/assortiment\\\/\",\"nextItem\":{\"@type\":\"ListItem\",\"@id\":\"https:\\\/\\\/mvandenoever.nl\\\/fr\\\/categorie-produit\\\/places-et-parcs\\\/#listItem\",\"name\":\"Places et parcs\"},\"previousItem\":{\"@type\":\"ListItem\",\"@id\":\"https:\\\/\\\/mvandenoever.nl\\\/fr\\\/#listItem\",\"name\":\"Home\"}},{\"@type\":\"ListItem\",\"@id\":\"https:\\\/\\\/mvandenoever.nl\\\/fr\\\/categorie-produit\\\/places-et-parcs\\\/#listItem\",\"position\":3,\"name\":\"Places et parcs\",\"item\":\"https:\\\/\\\/mvandenoever.nl\\\/fr\\\/categorie-produit\\\/places-et-parcs\\\/\",\"nextItem\":{\"@type\":\"ListItem\",\"@id\":\"https:\\\/\\\/mvandenoever.nl\\\/fr\\\/produit\\\/acer-rubrum-autumn-flame-erable-rouge\\\/#listItem\",\"name\":\"Acer rubrum &lsquo;Autumn Flame&rsquo; | \\u00c9rable rouge\"},\"previousItem\":{\"@type\":\"ListItem\",\"@id\":\"https:\\\/\\\/mvandenoever.nl\\\/assortiment\\\/#listItem\",\"name\":\"Assortiment\"}},{\"@type\":\"ListItem\",\"@id\":\"https:\\\/\\\/mvandenoever.nl\\\/fr\\\/produit\\\/acer-rubrum-autumn-flame-erable-rouge\\\/#listItem\",\"position\":4,\"name\":\"Acer rubrum &lsquo;Autumn Flame&rsquo; | \\u00c9rable rouge\",\"previousItem\":{\"@type\":\"ListItem\",\"@id\":\"https:\\\/\\\/mvandenoever.nl\\\/fr\\\/categorie-produit\\\/places-et-parcs\\\/#listItem\",\"name\":\"Places et parcs\"}}]},{\"@type\":\"Organization\",\"@id\":\"https:\\\/\\\/mvandenoever.nl\\\/fr\\\/#organization\",\"name\":\"Boomkwekerijen M. van den Oever & Zonen\",\"description\":\"Leefwereldverbeteraars\",\"url\":\"https:\\\/\\\/mvandenoever.nl\\\/fr\\\/\",\"logo\":{\"@type\":\"ImageObject\",\"url\":\"https:\\\/\\\/mvandenoever.nl\\\/wp-content\\\/uploads\\\/2022\\\/05\\\/6373_Oever_logo_NEW.png\",\"@id\":\"https:\\\/\\\/mvandenoever.nl\\\/fr\\\/produit\\\/acer-rubrum-autumn-flame-erable-rouge\\\/#organizationLogo\",\"width\":850,\"height\":474},\"image\":{\"@id\":\"https:\\\/\\\/mvandenoever.nl\\\/fr\\\/produit\\\/acer-rubrum-autumn-flame-erable-rouge\\\/#organizationLogo\"}},{\"@type\":\"WebPage\",\"@id\":\"https:\\\/\\\/mvandenoever.nl\\\/fr\\\/produit\\\/acer-rubrum-autumn-flame-erable-rouge\\\/#webpage\",\"url\":\"https:\\\/\\\/mvandenoever.nl\\\/fr\\\/produit\\\/acer-rubrum-autumn-flame-erable-rouge\\\/\",\"name\":\"Acer rubrum \\u2018Autumn Flame\\u2019 | \\u00c9rable rouge - Boomkwekerijen M. van den Oever & Zonen\",\"description\":\"Ce cultivar \\u00e0 croissance lente est \\u00e9galement appel\\u00e9 \\u00e9rable rouge aux Pays-Bas. Un v\\u00e9ritable arbre d'ornement qui convient aux rues, parcs, jardins et espaces verts. Avec une belle coloration automnale rouge vif et profond.\",\"inLanguage\":\"fr-FR\",\"isPartOf\":{\"@id\":\"https:\\\/\\\/mvandenoever.nl\\\/fr\\\/#website\"},\"breadcrumb\":{\"@id\":\"https:\\\/\\\/mvandenoever.nl\\\/fr\\\/produit\\\/acer-rubrum-autumn-flame-erable-rouge\\\/#breadcrumblist\"},\"image\":{\"@type\":\"ImageObject\",\"url\":\"https:\\\/\\\/mvandenoever.nl\\\/wp-content\\\/uploads\\\/2022\\\/05\\\/acer-rubrum-autumn-flame-2.jpg\",\"@id\":\"https:\\\/\\\/mvandenoever.nl\\\/fr\\\/produit\\\/acer-rubrum-autumn-flame-erable-rouge\\\/#mainImage\",\"width\":1350,\"height\":1800},\"primaryImageOfPage\":{\"@id\":\"https:\\\/\\\/mvandenoever.nl\\\/fr\\\/produit\\\/acer-rubrum-autumn-flame-erable-rouge\\\/#mainImage\"},\"datePublished\":\"2022-11-03T08:32:53+01:00\",\"dateModified\":\"2022-11-03T08:32:53+01:00\"},{\"@type\":\"WebSite\",\"@id\":\"https:\\\/\\\/mvandenoever.nl\\\/fr\\\/#website\",\"url\":\"https:\\\/\\\/mvandenoever.nl\\\/fr\\\/\",\"name\":\"Boomkwekerijen M. van den Oever & Zonen\",\"description\":\"Leefwereldverbeteraars\",\"inLanguage\":\"fr-FR\",\"publisher\":{\"@id\":\"https:\\\/\\\/mvandenoever.nl\\\/fr\\\/#organization\"}}]}\n\t\t<\/script>\n\t\t<!-- All in One SEO -->\n\n","aioseo_head_json":{"title":"Acer rubrum \u2018Autumn Flame\u2019 | \u00c9rable rouge - Boomkwekerijen M. van den Oever & Zonen","description":"Ce cultivar \u00e0 croissance lente est \u00e9galement appel\u00e9 \u00e9rable rouge aux Pays-Bas. Un v\u00e9ritable arbre d'ornement qui convient aux rues, parcs, jardins et espaces verts. Avec une belle coloration automnale rouge vif et profond.","canonical_url":"https:\/\/mvandenoever.nl\/fr\/produit\/acer-rubrum-autumn-flame-erable-rouge\/","robots":"max-image-preview:large","keywords":"","webmasterTools":{"miscellaneous":""},"schema":{"@context":"https:\/\/schema.org","@graph":[{"@type":"BreadcrumbList","@id":"https:\/\/mvandenoever.nl\/fr\/produit\/acer-rubrum-autumn-flame-erable-rouge\/#breadcrumblist","itemListElement":[{"@type":"ListItem","@id":"https:\/\/mvandenoever.nl\/fr\/#listItem","position":1,"name":"Home","item":"https:\/\/mvandenoever.nl\/fr\/","nextItem":{"@type":"ListItem","@id":"https:\/\/mvandenoever.nl\/assortiment\/#listItem","name":"Assortiment"}},{"@type":"ListItem","@id":"https:\/\/mvandenoever.nl\/assortiment\/#listItem","position":2,"name":"Assortiment","item":"https:\/\/mvandenoever.nl\/assortiment\/","nextItem":{"@type":"ListItem","@id":"https:\/\/mvandenoever.nl\/fr\/categorie-produit\/places-et-parcs\/#listItem","name":"Places et parcs"},"previousItem":{"@type":"ListItem","@id":"https:\/\/mvandenoever.nl\/fr\/#listItem","name":"Home"}},{"@type":"ListItem","@id":"https:\/\/mvandenoever.nl\/fr\/categorie-produit\/places-et-parcs\/#listItem","position":3,"name":"Places et parcs","item":"https:\/\/mvandenoever.nl\/fr\/categorie-produit\/places-et-parcs\/","nextItem":{"@type":"ListItem","@id":"https:\/\/mvandenoever.nl\/fr\/produit\/acer-rubrum-autumn-flame-erable-rouge\/#listItem","name":"Acer rubrum &lsquo;Autumn Flame&rsquo; | \u00c9rable rouge"},"previousItem":{"@type":"ListItem","@id":"https:\/\/mvandenoever.nl\/assortiment\/#listItem","name":"Assortiment"}},{"@type":"ListItem","@id":"https:\/\/mvandenoever.nl\/fr\/produit\/acer-rubrum-autumn-flame-erable-rouge\/#listItem","position":4,"name":"Acer rubrum &lsquo;Autumn Flame&rsquo; | \u00c9rable rouge","previousItem":{"@type":"ListItem","@id":"https:\/\/mvandenoever.nl\/fr\/categorie-produit\/places-et-parcs\/#listItem","name":"Places et parcs"}}]},{"@type":"Organization","@id":"https:\/\/mvandenoever.nl\/fr\/#organization","name":"Boomkwekerijen M. van den Oever & Zonen","description":"Leefwereldverbeteraars","url":"https:\/\/mvandenoever.nl\/fr\/","logo":{"@type":"ImageObject","url":"https:\/\/mvandenoever.nl\/wp-content\/uploads\/2022\/05\/6373_Oever_logo_NEW.png","@id":"https:\/\/mvandenoever.nl\/fr\/produit\/acer-rubrum-autumn-flame-erable-rouge\/#organizationLogo","width":850,"height":474},"image":{"@id":"https:\/\/mvandenoever.nl\/fr\/produit\/acer-rubrum-autumn-flame-erable-rouge\/#organizationLogo"}},{"@type":"WebPage","@id":"https:\/\/mvandenoever.nl\/fr\/produit\/acer-rubrum-autumn-flame-erable-rouge\/#webpage","url":"https:\/\/mvandenoever.nl\/fr\/produit\/acer-rubrum-autumn-flame-erable-rouge\/","name":"Acer rubrum \u2018Autumn Flame\u2019 | \u00c9rable rouge - Boomkwekerijen M. van den Oever & Zonen","description":"Ce cultivar \u00e0 croissance lente est \u00e9galement appel\u00e9 \u00e9rable rouge aux Pays-Bas. Un v\u00e9ritable arbre d'ornement qui convient aux rues, parcs, jardins et espaces verts. Avec une belle coloration automnale rouge vif et profond.","inLanguage":"fr-FR","isPartOf":{"@id":"https:\/\/mvandenoever.nl\/fr\/#website"},"breadcrumb":{"@id":"https:\/\/mvandenoever.nl\/fr\/produit\/acer-rubrum-autumn-flame-erable-rouge\/#breadcrumblist"},"image":{"@type":"ImageObject","url":"https:\/\/mvandenoever.nl\/wp-content\/uploads\/2022\/05\/acer-rubrum-autumn-flame-2.jpg","@id":"https:\/\/mvandenoever.nl\/fr\/produit\/acer-rubrum-autumn-flame-erable-rouge\/#mainImage","width":1350,"height":1800},"primaryImageOfPage":{"@id":"https:\/\/mvandenoever.nl\/fr\/produit\/acer-rubrum-autumn-flame-erable-rouge\/#mainImage"},"datePublished":"2022-11-03T08:32:53+01:00","dateModified":"2022-11-03T08:32:53+01:00"},{"@type":"WebSite","@id":"https:\/\/mvandenoever.nl\/fr\/#website","url":"https:\/\/mvandenoever.nl\/fr\/","name":"Boomkwekerijen M. van den Oever & Zonen","description":"Leefwereldverbeteraars","inLanguage":"fr-FR","publisher":{"@id":"https:\/\/mvandenoever.nl\/fr\/#organization"}}]},"og:locale":"fr_FR","og:site_name":"Boomkwekerijen M. van den Oever &amp; Zonen","og:type":"article","og:title":"Acer rubrum \u2018Autumn Flame\u2019 | \u00c9rable rouge - Boomkwekerijen M. van den Oever &amp; Zonen","og:description":"Ce cultivar \u00e0 croissance lente est \u00e9galement appel\u00e9 \u00e9rable rouge aux Pays-Bas. Un v\u00e9ritable arbre d'ornement qui convient aux rues, parcs, jardins et espaces verts. Avec une belle coloration automnale rouge vif et profond.","og:url":"https:\/\/mvandenoever.nl\/fr\/produit\/acer-rubrum-autumn-flame-erable-rouge\/","og:image":"https:\/\/mvandenoever.nl\/wp-content\/uploads\/2022\/05\/6373_Oever_logo_NEW.png","og:image:secure_url":"https:\/\/mvandenoever.nl\/wp-content\/uploads\/2022\/05\/6373_Oever_logo_NEW.png","article:published_time":"2022-11-03T07:32:53+00:00","article:modified_time":"2022-11-03T07:32:53+00:00","twitter:card":"summary_large_image","twitter:title":"Acer rubrum \u2018Autumn Flame\u2019 | \u00c9rable rouge - Boomkwekerijen M. van den Oever &amp; Zonen","twitter:description":"Ce cultivar \u00e0 croissance lente est \u00e9galement appel\u00e9 \u00e9rable rouge aux Pays-Bas. Un v\u00e9ritable arbre d'ornement qui convient aux rues, parcs, jardins et espaces verts. Avec une belle coloration automnale rouge vif et profond.","twitter:image":"https:\/\/mvandenoever.nl\/wp-content\/uploads\/2022\/05\/6373_Oever_logo_NEW.png"},"aioseo_meta_data":{"post_id":"21741","title":null,"description":null,"keywords":[],"keyphrases":{"focus":{"keyphrase":"","score":0,"analysis":{"keyphraseInTitle":{"score":0,"maxScore":9,"error":1}}},"additional":[]},"primary_term":null,"canonical_url":null,"og_title":null,"og_description":null,"og_object_type":"default","og_image_type":"default","og_image_url":null,"og_image_width":null,"og_image_height":null,"og_image_custom_url":null,"og_image_custom_fields":null,"og_video":"","og_custom_url":null,"og_article_section":null,"og_article_tags":[],"twitter_use_og":false,"twitter_card":"default","twitter_image_type":"default","twitter_image_url":null,"twitter_image_custom_url":null,"twitter_image_custom_fields":null,"twitter_title":null,"twitter_description":null,"schema":{"blockGraphs":[],"customGraphs":[],"default":{"data":{"Article":[],"Course":[],"Dataset":[],"FAQPage":[],"Movie":[],"Person":[],"Product":[],"ProductReview":[],"Car":[],"Recipe":[],"Service":[],"SoftwareApplication":[],"WebPage":[]},"graphName":"WebPage","isEnabled":true},"graphs":[]},"schema_type":"default","schema_type_options":null,"pillar_content":false,"robots_default":true,"robots_noindex":false,"robots_noarchive":false,"robots_nosnippet":false,"robots_nofollow":false,"robots_noimageindex":false,"robots_noodp":false,"robots_notranslate":false,"robots_max_snippet":"-1","robots_max_videopreview":"-1","robots_max_imagepreview":"large","priority":null,"frequency":"default","local_seo":null,"breadcrumb_settings":null,"limit_modified_date":false,"ai":null,"created":"2023-01-30 13:06:22","updated":"2023-01-30 13:06:22","seo_analyzer_scan_date":null,"focus_keyword":null,"additional_keywords":null,"truseo_locale":null},"aioseo_breadcrumb":"<div class=\"aioseo-breadcrumbs\"><span class=\"aioseo-breadcrumb\">\n\t\t\t<a href=\"https:\/\/mvandenoever.nl\/fr\/\" title=\"Home\">Home<\/a>\n\t\t<\/span><span class=\"aioseo-breadcrumb-separator\">&raquo;<\/span><span class=\"aioseo-breadcrumb\">\n\t\t\t<a href=\"https:\/\/mvandenoever.nl\/assortiment\/\" title=\"Assortiment\">Assortiment<\/a>\n\t\t<\/span><span class=\"aioseo-breadcrumb-separator\">&raquo;<\/span><span class=\"aioseo-breadcrumb\">\n\t\t\t<a href=\"https:\/\/mvandenoever.nl\/fr\/categorie-produit\/places-et-parcs\/\" title=\"Places et parcs\">Places et parcs<\/a>\n\t\t<\/span><span class=\"aioseo-breadcrumb-separator\">&raquo;<\/span><span class=\"aioseo-breadcrumb\">\n\t\t\tAcer rubrum \u2018Autumn Flame\u2019 | \u00c9rable rouge\n\t\t<\/span><\/div>","aioseo_breadcrumb_json":[{"label":"Home","link":"https:\/\/mvandenoever.nl\/fr\/"},{"label":"Assortiment","link":"https:\/\/mvandenoever.nl\/assortiment\/"},{"label":"Places et parcs","link":"https:\/\/mvandenoever.nl\/fr\/categorie-produit\/places-et-parcs\/"},{"label":"Acer rubrum &lsquo;Autumn Flame&rsquo; | \u00c9rable rouge","link":"https:\/\/mvandenoever.nl\/fr\/produit\/acer-rubrum-autumn-flame-erable-rouge\/"}],"yoast_head":"<!-- This site is optimized with the Yoast SEO plugin v28.4 - https:\/\/yoast.com\/product\/yoast-seo-wordpress\/ -->\n<title>Acer rubrum &#039;Autumn Flame&#039; | \u00c9rable rouge - Boomkwekerijen M. van den Oever &amp; Zonen<\/title>\n<meta name=\"robots\" content=\"index, follow, max-snippet:-1, max-image-preview:large, max-video-preview:-1\" \/>\n<link rel=\"canonical\" href=\"https:\/\/mvandenoever.nl\/fr\/produit\/acer-rubrum-autumn-flame-erable-rouge\/\" \/>\n<meta property=\"og:locale\" content=\"fr_FR\" \/>\n<meta property=\"og:type\" content=\"article\" \/>\n<meta property=\"og:title\" content=\"Acer rubrum &#039;Autumn Flame&#039; | \u00c9rable rouge - Boomkwekerijen M. van den Oever &amp; Zonen\" \/>\n<meta property=\"og:description\" content=\"Ce cultivar \u00e0 croissance lente est \u00e9galement appel\u00e9 \u00e9rable rouge aux Pays-Bas. Un v\u00e9ritable arbre d&#039;ornement qui convient aux rues, parcs, jardins et espaces verts. Avec une belle coloration automnale rouge vif et profond.\" \/>\n<meta property=\"og:url\" content=\"https:\/\/mvandenoever.nl\/fr\/produit\/acer-rubrum-autumn-flame-erable-rouge\/\" \/>\n<meta property=\"og:site_name\" content=\"Boomkwekerijen M. van den Oever &amp; Zonen\" \/>\n<meta property=\"og:image\" content=\"https:\/\/mvandenoever.nl\/wp-content\/uploads\/2022\/05\/acer-rubrum-autumn-flame-2.jpg\" \/>\n\t<meta property=\"og:image:width\" content=\"1350\" \/>\n\t<meta property=\"og:image:height\" content=\"1800\" \/>\n\t<meta property=\"og:image:type\" content=\"image\/jpeg\" \/>\n<meta name=\"twitter:card\" content=\"summary_large_image\" \/>\n<script type=\"application\/ld+json\" class=\"yoast-schema-graph\">{\"@context\":\"https:\\\/\\\/schema.org\",\"@graph\":[{\"@type\":\"WebPage\",\"@id\":\"https:\\\/\\\/mvandenoever.nl\\\/fr\\\/produit\\\/acer-rubrum-autumn-flame-erable-rouge\\\/\",\"url\":\"https:\\\/\\\/mvandenoever.nl\\\/fr\\\/produit\\\/acer-rubrum-autumn-flame-erable-rouge\\\/\",\"name\":\"Acer rubrum 'Autumn Flame' | \u00c9rable rouge - Boomkwekerijen M. van den Oever &amp; Zonen\",\"isPartOf\":{\"@id\":\"https:\\\/\\\/mvandenoever.nl\\\/fr\\\/#website\"},\"primaryImageOfPage\":{\"@id\":\"https:\\\/\\\/mvandenoever.nl\\\/fr\\\/produit\\\/acer-rubrum-autumn-flame-erable-rouge\\\/#primaryimage\"},\"image\":{\"@id\":\"https:\\\/\\\/mvandenoever.nl\\\/fr\\\/produit\\\/acer-rubrum-autumn-flame-erable-rouge\\\/#primaryimage\"},\"thumbnailUrl\":\"https:\\\/\\\/mvandenoever.nl\\\/wp-content\\\/uploads\\\/2022\\\/05\\\/acer-rubrum-autumn-flame-2.jpg\",\"datePublished\":\"2022-11-03T07:32:53+00:00\",\"breadcrumb\":{\"@id\":\"https:\\\/\\\/mvandenoever.nl\\\/fr\\\/produit\\\/acer-rubrum-autumn-flame-erable-rouge\\\/#breadcrumb\"},\"inLanguage\":\"fr-FR\",\"potentialAction\":[{\"@type\":\"ReadAction\",\"target\":[\"https:\\\/\\\/mvandenoever.nl\\\/fr\\\/produit\\\/acer-rubrum-autumn-flame-erable-rouge\\\/\"]}]},{\"@type\":\"ImageObject\",\"inLanguage\":\"fr-FR\",\"@id\":\"https:\\\/\\\/mvandenoever.nl\\\/fr\\\/produit\\\/acer-rubrum-autumn-flame-erable-rouge\\\/#primaryimage\",\"url\":\"https:\\\/\\\/mvandenoever.nl\\\/wp-content\\\/uploads\\\/2022\\\/05\\\/acer-rubrum-autumn-flame-2.jpg\",\"contentUrl\":\"https:\\\/\\\/mvandenoever.nl\\\/wp-content\\\/uploads\\\/2022\\\/05\\\/acer-rubrum-autumn-flame-2.jpg\",\"width\":1350,\"height\":1800},{\"@type\":\"BreadcrumbList\",\"@id\":\"https:\\\/\\\/mvandenoever.nl\\\/fr\\\/produit\\\/acer-rubrum-autumn-flame-erable-rouge\\\/#breadcrumb\",\"itemListElement\":[{\"@type\":\"ListItem\",\"position\":1,\"name\":\"Home\",\"item\":\"https:\\\/\\\/mvandenoever.nl\\\/fr\\\/accueil\\\/\"},{\"@type\":\"ListItem\",\"position\":2,\"name\":\"Assortiment\",\"item\":\"https:\\\/\\\/mvandenoever.nl\\\/assortiment\\\/\"},{\"@type\":\"ListItem\",\"position\":3,\"name\":\"Acer rubrum &#8216;Autumn Flame&#8217; | \u00c9rable rouge\"}]},{\"@type\":\"WebSite\",\"@id\":\"https:\\\/\\\/mvandenoever.nl\\\/fr\\\/#website\",\"url\":\"https:\\\/\\\/mvandenoever.nl\\\/fr\\\/\",\"name\":\"Boomkwekerijen M. van den Oever &amp; Zonen\",\"description\":\"Leefwereldverbeteraars\",\"publisher\":{\"@id\":\"https:\\\/\\\/mvandenoever.nl\\\/fr\\\/#organization\"},\"potentialAction\":[{\"@type\":\"SearchAction\",\"target\":{\"@type\":\"EntryPoint\",\"urlTemplate\":\"https:\\\/\\\/mvandenoever.nl\\\/fr\\\/?s={search_term_string}\"},\"query-input\":{\"@type\":\"PropertyValueSpecification\",\"valueRequired\":true,\"valueName\":\"search_term_string\"}}],\"inLanguage\":\"fr-FR\"},{\"@type\":\"Organization\",\"@id\":\"https:\\\/\\\/mvandenoever.nl\\\/fr\\\/#organization\",\"name\":\"Boomkwekerijen M. van den Oever &amp; Zonen\",\"url\":\"https:\\\/\\\/mvandenoever.nl\\\/fr\\\/\",\"logo\":{\"@type\":\"ImageObject\",\"inLanguage\":\"fr-FR\",\"@id\":\"https:\\\/\\\/mvandenoever.nl\\\/fr\\\/#\\\/schema\\\/logo\\\/image\\\/\",\"url\":\"https:\\\/\\\/mvandenoever.nl\\\/wp-content\\\/uploads\\\/2022\\\/05\\\/6373_Oever_logo_NEW.png\",\"contentUrl\":\"https:\\\/\\\/mvandenoever.nl\\\/wp-content\\\/uploads\\\/2022\\\/05\\\/6373_Oever_logo_NEW.png\",\"width\":850,\"height\":474,\"caption\":\"Boomkwekerijen M. van den Oever &amp; Zonen\"},\"image\":{\"@id\":\"https:\\\/\\\/mvandenoever.nl\\\/fr\\\/#\\\/schema\\\/logo\\\/image\\\/\"}}]}<\/script>\n<!-- \/ Yoast SEO plugin. -->","yoast_head_json":{"title":"Acer rubrum 'Autumn Flame' | \u00c9rable rouge - Boomkwekerijen M. van den Oever &amp; Zonen","robots":{"index":"index","follow":"follow","max-snippet":"max-snippet:-1","max-image-preview":"max-image-preview:large","max-video-preview":"max-video-preview:-1"},"canonical":"https:\/\/mvandenoever.nl\/fr\/produit\/acer-rubrum-autumn-flame-erable-rouge\/","og_locale":"fr_FR","og_type":"article","og_title":"Acer rubrum 'Autumn Flame' | \u00c9rable rouge - Boomkwekerijen M. van den Oever &amp; Zonen","og_description":"Ce cultivar \u00e0 croissance lente est \u00e9galement appel\u00e9 \u00e9rable rouge aux Pays-Bas. Un v\u00e9ritable arbre d'ornement qui convient aux rues, parcs, jardins et espaces verts. Avec une belle coloration automnale rouge vif et profond.","og_url":"https:\/\/mvandenoever.nl\/fr\/produit\/acer-rubrum-autumn-flame-erable-rouge\/","og_site_name":"Boomkwekerijen M. van den Oever &amp; Zonen","og_image":[{"width":1350,"height":1800,"url":"https:\/\/mvandenoever.nl\/wp-content\/uploads\/2022\/05\/acer-rubrum-autumn-flame-2.jpg","type":"image\/jpeg"}],"twitter_card":"summary_large_image","schema":{"@context":"https:\/\/schema.org","@graph":[{"@type":"WebPage","@id":"https:\/\/mvandenoever.nl\/fr\/produit\/acer-rubrum-autumn-flame-erable-rouge\/","url":"https:\/\/mvandenoever.nl\/fr\/produit\/acer-rubrum-autumn-flame-erable-rouge\/","name":"Acer rubrum 'Autumn Flame' | \u00c9rable rouge - Boomkwekerijen M. van den Oever &amp; Zonen","isPartOf":{"@id":"https:\/\/mvandenoever.nl\/fr\/#website"},"primaryImageOfPage":{"@id":"https:\/\/mvandenoever.nl\/fr\/produit\/acer-rubrum-autumn-flame-erable-rouge\/#primaryimage"},"image":{"@id":"https:\/\/mvandenoever.nl\/fr\/produit\/acer-rubrum-autumn-flame-erable-rouge\/#primaryimage"},"thumbnailUrl":"https:\/\/mvandenoever.nl\/wp-content\/uploads\/2022\/05\/acer-rubrum-autumn-flame-2.jpg","datePublished":"2022-11-03T07:32:53+00:00","breadcrumb":{"@id":"https:\/\/mvandenoever.nl\/fr\/produit\/acer-rubrum-autumn-flame-erable-rouge\/#breadcrumb"},"inLanguage":"fr-FR","potentialAction":[{"@type":"ReadAction","target":["https:\/\/mvandenoever.nl\/fr\/produit\/acer-rubrum-autumn-flame-erable-rouge\/"]}]},{"@type":"ImageObject","inLanguage":"fr-FR","@id":"https:\/\/mvandenoever.nl\/fr\/produit\/acer-rubrum-autumn-flame-erable-rouge\/#primaryimage","url":"https:\/\/mvandenoever.nl\/wp-content\/uploads\/2022\/05\/acer-rubrum-autumn-flame-2.jpg","contentUrl":"https:\/\/mvandenoever.nl\/wp-content\/uploads\/2022\/05\/acer-rubrum-autumn-flame-2.jpg","width":1350,"height":1800},{"@type":"BreadcrumbList","@id":"https:\/\/mvandenoever.nl\/fr\/produit\/acer-rubrum-autumn-flame-erable-rouge\/#breadcrumb","itemListElement":[{"@type":"ListItem","position":1,"name":"Home","item":"https:\/\/mvandenoever.nl\/fr\/accueil\/"},{"@type":"ListItem","position":2,"name":"Assortiment","item":"https:\/\/mvandenoever.nl\/assortiment\/"},{"@type":"ListItem","position":3,"name":"Acer rubrum &#8216;Autumn Flame&#8217; | \u00c9rable rouge"}]},{"@type":"WebSite","@id":"https:\/\/mvandenoever.nl\/fr\/#website","url":"https:\/\/mvandenoever.nl\/fr\/","name":"Boomkwekerijen M. van den Oever &amp; Zonen","description":"Leefwereldverbeteraars","publisher":{"@id":"https:\/\/mvandenoever.nl\/fr\/#organization"},"potentialAction":[{"@type":"SearchAction","target":{"@type":"EntryPoint","urlTemplate":"https:\/\/mvandenoever.nl\/fr\/?s={search_term_string}"},"query-input":{"@type":"PropertyValueSpecification","valueRequired":true,"valueName":"search_term_string"}}],"inLanguage":"fr-FR"},{"@type":"Organization","@id":"https:\/\/mvandenoever.nl\/fr\/#organization","name":"Boomkwekerijen M. van den Oever &amp; Zonen","url":"https:\/\/mvandenoever.nl\/fr\/","logo":{"@type":"ImageObject","inLanguage":"fr-FR","@id":"https:\/\/mvandenoever.nl\/fr\/#\/schema\/logo\/image\/","url":"https:\/\/mvandenoever.nl\/wp-content\/uploads\/2022\/05\/6373_Oever_logo_NEW.png","contentUrl":"https:\/\/mvandenoever.nl\/wp-content\/uploads\/2022\/05\/6373_Oever_logo_NEW.png","width":850,"height":474,"caption":"Boomkwekerijen M. van den Oever &amp; Zonen"},"image":{"@id":"https:\/\/mvandenoever.nl\/fr\/#\/schema\/logo\/image\/"}}]}},"_links":{"self":[{"href":"https:\/\/mvandenoever.nl\/fr\/wp-json\/wp\/v2\/product\/21741","targetHints":{"allow":["GET"]}}],"collection":[{"href":"https:\/\/mvandenoever.nl\/fr\/wp-json\/wp\/v2\/product"}],"about":[{"href":"https:\/\/mvandenoever.nl\/fr\/wp-json\/wp\/v2\/types\/product"}],"wp:featuredmedia":[{"embeddable":true,"href":"https:\/\/mvandenoever.nl\/fr\/wp-json\/wp\/v2\/media\/18355"}],"wp:attachment":[{"href":"https:\/\/mvandenoever.nl\/fr\/wp-json\/wp\/v2\/media?parent=21741"}],"wp:term":[{"taxonomy":"product_brand","embeddable":true,"href":"https:\/\/mvandenoever.nl\/fr\/wp-json\/wp\/v2\/product_brand?post=21741"},{"taxonomy":"product_cat","embeddable":true,"href":"https:\/\/mvandenoever.nl\/fr\/wp-json\/wp\/v2\/product_cat?post=21741"},{"taxonomy":"product_tag","embeddable":true,"href":"https:\/\/mvandenoever.nl\/fr\/wp-json\/wp\/v2\/product_tag?post=21741"}],"curies":[{"name":"wp","href":"https:\/\/api.w.org\/{rel}","templated":true}]}}